{"id":26876,"date":"2026-09-01T10:56:45","date_gmt":"2026-09-01T10:56:45","guid":{"rendered":"https:\/\/kaza-hogar.com\/property\/adosado-en-esquina-con-jardin-solarium-y-vistas-en-la-oliva\/"},"modified":"2026-09-01T10:56:45","modified_gmt":"2026-09-01T10:56:45","slug":"adosado-en-esquina-con-jardin-solarium-y-vistas-en-la-oliva","status":"publish","type":"property","link":"https:\/\/kaza-hogar.com\/es\/property\/adosado-en-esquina-con-jardin-solarium-y-vistas-en-la-oliva\/","title":{"rendered":"Adosado en esquina con jard\u00edn, sol\u00e1rium y vistas en La Oliva"},"content":{"rendered":"<p>En una peque\u00f1a y tranquila comunidad residencial en el pueblo de La Oliva se encuentra este adosado en esquina, una vivienda distribuida en tres plantas que destaca especialmente por sus espacios exteriores y sus agradables vistas al entorno.<\/p>\n<p>La planta baja est\u00e1 concebida como un espacio c\u00f3modo y abierto, con una cocina totalmente equipada integrada con el comedor y el sal\u00f3n. Desde esta zona se accede al jard\u00edn privado, donde una p\u00e9rgola crea un agradable rinc\u00f3n para comer, descansar y disfrutar del exterior durante todo el a\u00f1o.<br \/>El jard\u00edn cuenta adem\u00e1s con una peque\u00f1a zona de agua, pensada m\u00e1s como un espacio donde sentarse, refrescarse y relajarse durante los d\u00edas de calor que como una piscina convencional. En esta planta encontramos tambi\u00e9n un aseo y una zona independiente y polivalente, que puede adaptarse a diferentes usos seg\u00fan las necesidades.<br \/>En la planta superior se distribuyen los dos dormitorios y un ba\u00f1o completo, muy amplio y equipado con ducha. Dos balcones abren la vivienda hacia el exterior y ofrecen bonitas vistas a las monta\u00f1as y al pueblo de La Oliva, uno de los paisajes m\u00e1s caracter\u00edsticos del interior del norte de Fuerteventura.<br \/>\nThe top floor is dedicated to a private rooftop sun terrace, an open space offering plenty of possibilities: sunbathing, creating a relaxing lounge area or simply enjoying the views and peaceful surroundings.<br \/>\nLa propiedad dispone adem\u00e1s de dos plazas de aparcamiento.<br \/>\nSu ubicaci\u00f3n permite disfrutar de un ambiente residencial tranquilo en La Oliva y, al mismo tiempo, estar bien conectado con Lajares, Corralejo, El Cotillo y las principales playas del norte de la isla.<br \/>\nUna vivienda con personalidad, espacios exteriores para disfrutar a distintas horas del d\u00eda y el valor a\u00f1adido de su ubicaci\u00f3n en esquina.<\/p>\n","protected":false},"excerpt":{"rendered":"<p>En una peque\u00f1a y tranquila comunidad residencial en el pueblo de La Oliva se encuentra este adosado en esquina, una vivienda distribuida en tres plantas que destaca especialmente por sus espacios exteriores y sus agradables vistas al entorno. La planta baja est\u00e1 concebida como un espacio c\u00f3modo y abierto, con una cocina totalmente equipada integrada [&hellip;]<\/p>\n","protected":false},"author":5,"featured_media":26875,"parent":0,"menu_order":0,"template":"","property_type":[172],"property_status":[163],"property_feature":[160,258,158],"property_label":[],"property_country":[157],"property_state":[162],"property_city":[362],"property_area":[],"class_list":["post-26876","property","type-property","status-publish","has-post-thumbnail","hentry","property_type-duplex","property_status-en-venta","property_feature-aparcamiento","property_feature-jardin","property_feature-terraza","property_country-espana","property_state-fuerteventura","property_city-la-oliva"],"aioseo_notices":[],"aioseo_head":"\n\t\t<!-- All in One SEO 5.0.1.1 - aioseo.com -->\n\t<meta name=\"description\" content=\"En una peque\u00f1a y tranquila comunidad residencial en el pueblo de La Oliva se encuentra este adosado en esquina, una vivienda distribuida en tres plantas que destaca especialmente por sus espacios exteriores y sus agradables vistas al entorno. La planta baja est\u00e1 concebida como un espacio c\u00f3modo y abierto, con una cocina totalmente equipada integrada\" \/>\n\t<meta name=\"robots\" content=\"max-image-preview:large\" \/>\n\t<meta name=\"author\" content=\"KH_ManagerAdmin\"\/>\n\t<link rel=\"canonical\" href=\"https:\/\/kaza-hogar.com\/es\/property\/adosado-en-esquina-con-jardin-solarium-y-vistas-en-la-oliva\/\" \/>\n\t<meta name=\"generator\" content=\"All in One SEO (AIOSEO) 5.0.1.1\" \/>\n\t\t<meta property=\"og:locale\" content=\"es_ES\" \/>\n\t\t<meta property=\"og:site_name\" content=\"KaZa Hogar Inmobiliaria -\" \/>\n\t\t<meta property=\"og:type\" content=\"article\" \/>\n\t\t<meta property=\"og:title\" content=\"Adosado en esquina con jard\u00edn, sol\u00e1rium y vistas en La Oliva - KaZa Hogar Inmobiliaria\" \/>\n\t\t<meta property=\"og:description\" content=\"En una peque\u00f1a y tranquila comunidad residencial en el pueblo de La Oliva se encuentra este adosado en esquina, una vivienda distribuida en tres plantas que destaca especialmente por sus espacios exteriores y sus agradables vistas al entorno. La planta baja est\u00e1 concebida como un espacio c\u00f3modo y abierto, con una cocina totalmente equipada integrada\" \/>\n\t\t<meta property=\"og:url\" content=\"https:\/\/kaza-hogar.com\/es\/property\/adosado-en-esquina-con-jardin-solarium-y-vistas-en-la-oliva\/\" \/>\n\t\t<meta property=\"article:published_time\" content=\"2026-09-01T10:56:45+00:00\" \/>\n\t\t<meta property=\"article:modified_time\" content=\"2026-09-01T10:56:45+00:00\" \/>\n\t\t<meta name=\"twitter:card\" content=\"summary_large_image\" \/>\n\t\t<meta name=\"twitter:title\" content=\"Adosado en esquina con jard\u00edn, sol\u00e1rium y vistas en La Oliva - KaZa Hogar Inmobiliaria\" \/>\n\t\t<meta name=\"twitter:description\" content=\"En una peque\u00f1a y tranquila comunidad residencial en el pueblo de La Oliva se encuentra este adosado en esquina, una vivienda distribuida en tres plantas que destaca especialmente por sus espacios exteriores y sus agradables vistas al entorno. La planta baja est\u00e1 concebida como un espacio c\u00f3modo y abierto, con una cocina totalmente equipada integrada\" \/>\n\t\t<script type=\"application\/ld+json\" class=\"aioseo-schema\">\n\t\t\t{\"@context\":\"https:\\\/\\\/schema.org\",\"@graph\":[{\"@type\":\"BreadcrumbList\",\"@id\":\"https:\\\/\\\/kaza-hogar.com\\\/es\\\/property\\\/adosado-en-esquina-con-jardin-solarium-y-vistas-en-la-oliva\\\/#breadcrumblist\",\"itemListElement\":[{\"@type\":\"ListItem\",\"@id\":\"https:\\\/\\\/kaza-hogar.com\\\/es\\\/#listItem\",\"position\":1,\"name\":\"Home\",\"item\":\"https:\\\/\\\/kaza-hogar.com\\\/es\\\/\",\"nextItem\":{\"@type\":\"ListItem\",\"@id\":\"https:\\\/\\\/kaza-hogar.com\\\/es\\\/property\\\/#listItem\",\"name\":\"Propiedades\"}},{\"@type\":\"ListItem\",\"@id\":\"https:\\\/\\\/kaza-hogar.com\\\/es\\\/property\\\/#listItem\",\"position\":2,\"name\":\"Propiedades\",\"item\":\"https:\\\/\\\/kaza-hogar.com\\\/es\\\/property\\\/\",\"nextItem\":{\"@type\":\"ListItem\",\"@id\":\"https:\\\/\\\/kaza-hogar.com\\\/es\\\/property-type\\\/residencial\\\/#listItem\",\"name\":\"Residencial\"},\"previousItem\":{\"@type\":\"ListItem\",\"@id\":\"https:\\\/\\\/kaza-hogar.com\\\/es\\\/#listItem\",\"name\":\"Home\"}},{\"@type\":\"ListItem\",\"@id\":\"https:\\\/\\\/kaza-hogar.com\\\/es\\\/property-type\\\/residencial\\\/#listItem\",\"position\":3,\"name\":\"Residencial\",\"item\":\"https:\\\/\\\/kaza-hogar.com\\\/es\\\/property-type\\\/residencial\\\/\",\"nextItem\":{\"@type\":\"ListItem\",\"@id\":\"https:\\\/\\\/kaza-hogar.com\\\/es\\\/property-type\\\/duplex\\\/#listItem\",\"name\":\"D\\u00faplex\"},\"previousItem\":{\"@type\":\"ListItem\",\"@id\":\"https:\\\/\\\/kaza-hogar.com\\\/es\\\/property\\\/#listItem\",\"name\":\"Propiedades\"}},{\"@type\":\"ListItem\",\"@id\":\"https:\\\/\\\/kaza-hogar.com\\\/es\\\/property-type\\\/duplex\\\/#listItem\",\"position\":4,\"name\":\"D\\u00faplex\",\"item\":\"https:\\\/\\\/kaza-hogar.com\\\/es\\\/property-type\\\/duplex\\\/\",\"nextItem\":{\"@type\":\"ListItem\",\"@id\":\"https:\\\/\\\/kaza-hogar.com\\\/es\\\/property\\\/adosado-en-esquina-con-jardin-solarium-y-vistas-en-la-oliva\\\/#listItem\",\"name\":\"Adosado en esquina con jard\\u00edn, sol\\u00e1rium y vistas en La Oliva\"},\"previousItem\":{\"@type\":\"ListItem\",\"@id\":\"https:\\\/\\\/kaza-hogar.com\\\/es\\\/property-type\\\/residencial\\\/#listItem\",\"name\":\"Residencial\"}},{\"@type\":\"ListItem\",\"@id\":\"https:\\\/\\\/kaza-hogar.com\\\/es\\\/property\\\/adosado-en-esquina-con-jardin-solarium-y-vistas-en-la-oliva\\\/#listItem\",\"position\":5,\"name\":\"Adosado en esquina con jard\\u00edn, sol\\u00e1rium y vistas en La Oliva\",\"previousItem\":{\"@type\":\"ListItem\",\"@id\":\"https:\\\/\\\/kaza-hogar.com\\\/es\\\/property-type\\\/duplex\\\/#listItem\",\"name\":\"D\\u00faplex\"}}]},{\"@type\":\"Organization\",\"@id\":\"https:\\\/\\\/kaza-hogar.com\\\/es\\\/#organization\",\"name\":\"KaZa Hogar Inmobiliaria\",\"url\":\"https:\\\/\\\/kaza-hogar.com\\\/es\\\/\"},{\"@type\":\"Person\",\"@id\":\"https:\\\/\\\/kaza-hogar.com\\\/es\\\/author\\\/kh_manageradmin\\\/#author\",\"url\":\"https:\\\/\\\/kaza-hogar.com\\\/es\\\/author\\\/kh_manageradmin\\\/\",\"name\":\"KH_ManagerAdmin\",\"image\":{\"@type\":\"ImageObject\",\"@id\":\"https:\\\/\\\/kaza-hogar.com\\\/es\\\/property\\\/adosado-en-esquina-con-jardin-solarium-y-vistas-en-la-oliva\\\/#authorImage\",\"url\":\"https:\\\/\\\/secure.gravatar.com\\\/avatar\\\/e0823adf24c29bee9d86a4f391af232b802f05c604f6ef6161943697e506a88e?s=96&d=mm&r=g\",\"width\":96,\"height\":96,\"caption\":\"KH_ManagerAdmin\"}},{\"@type\":\"WebPage\",\"@id\":\"https:\\\/\\\/kaza-hogar.com\\\/es\\\/property\\\/adosado-en-esquina-con-jardin-solarium-y-vistas-en-la-oliva\\\/#webpage\",\"url\":\"https:\\\/\\\/kaza-hogar.com\\\/es\\\/property\\\/adosado-en-esquina-con-jardin-solarium-y-vistas-en-la-oliva\\\/\",\"name\":\"Adosado en esquina con jard\\u00edn, sol\\u00e1rium y vistas en La Oliva - KaZa Hogar Inmobiliaria\",\"description\":\"En una peque\\u00f1a y tranquila comunidad residencial en el pueblo de La Oliva se encuentra este adosado en esquina, una vivienda distribuida en tres plantas que destaca especialmente por sus espacios exteriores y sus agradables vistas al entorno. La planta baja est\\u00e1 concebida como un espacio c\\u00f3modo y abierto, con una cocina totalmente equipada integrada\",\"inLanguage\":\"es-ES\",\"isPartOf\":{\"@id\":\"https:\\\/\\\/kaza-hogar.com\\\/es\\\/#website\"},\"breadcrumb\":{\"@id\":\"https:\\\/\\\/kaza-hogar.com\\\/es\\\/property\\\/adosado-en-esquina-con-jardin-solarium-y-vistas-en-la-oliva\\\/#breadcrumblist\"},\"author\":{\"@id\":\"https:\\\/\\\/kaza-hogar.com\\\/es\\\/author\\\/kh_manageradmin\\\/#author\"},\"creator\":{\"@id\":\"https:\\\/\\\/kaza-hogar.com\\\/es\\\/author\\\/kh_manageradmin\\\/#author\"},\"image\":{\"@type\":\"ImageObject\",\"url\":\"https:\\\/\\\/kaza-hogar.com\\\/wp-content\\\/uploads\\\/2026\\\/09\\\/Foto-28-08-26-11-52-41.jpg\",\"@id\":\"https:\\\/\\\/kaza-hogar.com\\\/es\\\/property\\\/adosado-en-esquina-con-jardin-solarium-y-vistas-en-la-oliva\\\/#mainImage\",\"width\":1280,\"height\":960},\"primaryImageOfPage\":{\"@id\":\"https:\\\/\\\/kaza-hogar.com\\\/es\\\/property\\\/adosado-en-esquina-con-jardin-solarium-y-vistas-en-la-oliva\\\/#mainImage\"},\"datePublished\":\"2026-09-01T10:56:45+00:00\",\"dateModified\":\"2026-09-01T10:56:45+00:00\"},{\"@type\":\"WebSite\",\"@id\":\"https:\\\/\\\/kaza-hogar.com\\\/es\\\/#website\",\"url\":\"https:\\\/\\\/kaza-hogar.com\\\/es\\\/\",\"name\":\"KaZa Hogar Inmobiliaria\",\"inLanguage\":\"es-ES\",\"publisher\":{\"@id\":\"https:\\\/\\\/kaza-hogar.com\\\/es\\\/#organization\"}}]}\n\t\t<\/script>\n\t\t<!-- All in One SEO -->\n\n","aioseo_head_json":{"title":"Adosado en esquina con jard\u00edn, sol\u00e1rium y vistas en La Oliva - KaZa Hogar Inmobiliaria","description":"En una peque\u00f1a y tranquila comunidad residencial en el pueblo de La Oliva se encuentra este adosado en esquina, una vivienda distribuida en tres plantas que destaca especialmente por sus espacios exteriores y sus agradables vistas al entorno. La planta baja est\u00e1 concebida como un espacio c\u00f3modo y abierto, con una cocina totalmente equipada integrada","canonical_url":"https:\/\/kaza-hogar.com\/es\/property\/adosado-en-esquina-con-jardin-solarium-y-vistas-en-la-oliva\/","robots":"max-image-preview:large","keywords":"","webmasterTools":{"miscellaneous":""},"schema":{"@context":"https:\/\/schema.org","@graph":[{"@type":"BreadcrumbList","@id":"https:\/\/kaza-hogar.com\/es\/property\/adosado-en-esquina-con-jardin-solarium-y-vistas-en-la-oliva\/#breadcrumblist","itemListElement":[{"@type":"ListItem","@id":"https:\/\/kaza-hogar.com\/es\/#listItem","position":1,"name":"Home","item":"https:\/\/kaza-hogar.com\/es\/","nextItem":{"@type":"ListItem","@id":"https:\/\/kaza-hogar.com\/es\/property\/#listItem","name":"Propiedades"}},{"@type":"ListItem","@id":"https:\/\/kaza-hogar.com\/es\/property\/#listItem","position":2,"name":"Propiedades","item":"https:\/\/kaza-hogar.com\/es\/property\/","nextItem":{"@type":"ListItem","@id":"https:\/\/kaza-hogar.com\/es\/property-type\/residencial\/#listItem","name":"Residencial"},"previousItem":{"@type":"ListItem","@id":"https:\/\/kaza-hogar.com\/es\/#listItem","name":"Home"}},{"@type":"ListItem","@id":"https:\/\/kaza-hogar.com\/es\/property-type\/residencial\/#listItem","position":3,"name":"Residencial","item":"https:\/\/kaza-hogar.com\/es\/property-type\/residencial\/","nextItem":{"@type":"ListItem","@id":"https:\/\/kaza-hogar.com\/es\/property-type\/duplex\/#listItem","name":"D\u00faplex"},"previousItem":{"@type":"ListItem","@id":"https:\/\/kaza-hogar.com\/es\/property\/#listItem","name":"Propiedades"}},{"@type":"ListItem","@id":"https:\/\/kaza-hogar.com\/es\/property-type\/duplex\/#listItem","position":4,"name":"D\u00faplex","item":"https:\/\/kaza-hogar.com\/es\/property-type\/duplex\/","nextItem":{"@type":"ListItem","@id":"https:\/\/kaza-hogar.com\/es\/property\/adosado-en-esquina-con-jardin-solarium-y-vistas-en-la-oliva\/#listItem","name":"Adosado en esquina con jard\u00edn, sol\u00e1rium y vistas en La Oliva"},"previousItem":{"@type":"ListItem","@id":"https:\/\/kaza-hogar.com\/es\/property-type\/residencial\/#listItem","name":"Residencial"}},{"@type":"ListItem","@id":"https:\/\/kaza-hogar.com\/es\/property\/adosado-en-esquina-con-jardin-solarium-y-vistas-en-la-oliva\/#listItem","position":5,"name":"Adosado en esquina con jard\u00edn, sol\u00e1rium y vistas en La Oliva","previousItem":{"@type":"ListItem","@id":"https:\/\/kaza-hogar.com\/es\/property-type\/duplex\/#listItem","name":"D\u00faplex"}}]},{"@type":"Organization","@id":"https:\/\/kaza-hogar.com\/es\/#organization","name":"KaZa Hogar Inmobiliaria","url":"https:\/\/kaza-hogar.com\/es\/"},{"@type":"Person","@id":"https:\/\/kaza-hogar.com\/es\/author\/kh_manageradmin\/#author","url":"https:\/\/kaza-hogar.com\/es\/author\/kh_manageradmin\/","name":"KH_ManagerAdmin","image":{"@type":"ImageObject","@id":"https:\/\/kaza-hogar.com\/es\/property\/adosado-en-esquina-con-jardin-solarium-y-vistas-en-la-oliva\/#authorImage","url":"https:\/\/secure.gravatar.com\/avatar\/e0823adf24c29bee9d86a4f391af232b802f05c604f6ef6161943697e506a88e?s=96&d=mm&r=g","width":96,"height":96,"caption":"KH_ManagerAdmin"}},{"@type":"WebPage","@id":"https:\/\/kaza-hogar.com\/es\/property\/adosado-en-esquina-con-jardin-solarium-y-vistas-en-la-oliva\/#webpage","url":"https:\/\/kaza-hogar.com\/es\/property\/adosado-en-esquina-con-jardin-solarium-y-vistas-en-la-oliva\/","name":"Adosado en esquina con jard\u00edn, sol\u00e1rium y vistas en La Oliva - KaZa Hogar Inmobiliaria","description":"En una peque\u00f1a y tranquila comunidad residencial en el pueblo de La Oliva se encuentra este adosado en esquina, una vivienda distribuida en tres plantas que destaca especialmente por sus espacios exteriores y sus agradables vistas al entorno. La planta baja est\u00e1 concebida como un espacio c\u00f3modo y abierto, con una cocina totalmente equipada integrada","inLanguage":"es-ES","isPartOf":{"@id":"https:\/\/kaza-hogar.com\/es\/#website"},"breadcrumb":{"@id":"https:\/\/kaza-hogar.com\/es\/property\/adosado-en-esquina-con-jardin-solarium-y-vistas-en-la-oliva\/#breadcrumblist"},"author":{"@id":"https:\/\/kaza-hogar.com\/es\/author\/kh_manageradmin\/#author"},"creator":{"@id":"https:\/\/kaza-hogar.com\/es\/author\/kh_manageradmin\/#author"},"image":{"@type":"ImageObject","url":"https:\/\/kaza-hogar.com\/wp-content\/uploads\/2026\/09\/Foto-28-08-26-11-52-41.jpg","@id":"https:\/\/kaza-hogar.com\/es\/property\/adosado-en-esquina-con-jardin-solarium-y-vistas-en-la-oliva\/#mainImage","width":1280,"height":960},"primaryImageOfPage":{"@id":"https:\/\/kaza-hogar.com\/es\/property\/adosado-en-esquina-con-jardin-solarium-y-vistas-en-la-oliva\/#mainImage"},"datePublished":"2026-09-01T10:56:45+00:00","dateModified":"2026-09-01T10:56:45+00:00"},{"@type":"WebSite","@id":"https:\/\/kaza-hogar.com\/es\/#website","url":"https:\/\/kaza-hogar.com\/es\/","name":"KaZa Hogar Inmobiliaria","inLanguage":"es-ES","publisher":{"@id":"https:\/\/kaza-hogar.com\/es\/#organization"}}]},"og:locale":"es_ES","og:site_name":"KaZa Hogar Inmobiliaria -","og:type":"article","og:title":"Adosado en esquina con jard\u00edn, sol\u00e1rium y vistas en La Oliva - KaZa Hogar Inmobiliaria","og:description":"En una peque\u00f1a y tranquila comunidad residencial en el pueblo de La Oliva se encuentra este adosado en esquina, una vivienda distribuida en tres plantas que destaca especialmente por sus espacios exteriores y sus agradables vistas al entorno. La planta baja est\u00e1 concebida como un espacio c\u00f3modo y abierto, con una cocina totalmente equipada integrada","og:url":"https:\/\/kaza-hogar.com\/es\/property\/adosado-en-esquina-con-jardin-solarium-y-vistas-en-la-oliva\/","article:published_time":"2026-09-01T10:56:45+00:00","article:modified_time":"2026-09-01T10:56:45+00:00","twitter:card":"summary_large_image","twitter:title":"Adosado en esquina con jard\u00edn, sol\u00e1rium y vistas en La Oliva - KaZa Hogar Inmobiliaria","twitter:description":"En una peque\u00f1a y tranquila comunidad residencial en el pueblo de La Oliva se encuentra este adosado en esquina, una vivienda distribuida en tres plantas que destaca especialmente por sus espacios exteriores y sus agradables vistas al entorno. La planta baja est\u00e1 concebida como un espacio c\u00f3modo y abierto, con una cocina totalmente equipada integrada"},"aioseo_meta_data":{"post_id":"26876","title":null,"description":null,"keywords":null,"keyphrases":{"focus":{"keyphrase":"","score":0,"analysis":{"keyphraseInTitle":{"score":0,"maxScore":9,"error":1}}},"additional":[]},"primary_term":null,"canonical_url":null,"og_title":null,"og_description":null,"og_object_type":"default","og_image_type":"default","og_image_url":null,"og_image_width":null,"og_image_height":null,"og_image_custom_url":null,"og_image_custom_fields":null,"og_video":"","og_custom_url":null,"og_article_section":null,"og_article_tags":null,"twitter_use_og":false,"twitter_card":"default","twitter_image_type":"default","twitter_image_url":null,"twitter_image_custom_url":null,"twitter_image_custom_fields":null,"twitter_title":null,"twitter_description":null,"schema":{"blockGraphs":[],"customGraphs":[],"default":{"data":{"Article":[],"Course":[],"Dataset":[],"FAQPage":[],"Movie":[],"Person":[],"Product":[],"ProductReview":[],"Car":[],"Recipe":[],"Service":[],"SoftwareApplication":[],"WebPage":[]},"graphName":"WebPage","isEnabled":true},"graphs":[]},"schema_type":"default","schema_type_options":null,"pillar_content":false,"robots_default":true,"robots_noindex":false,"robots_noarchive":false,"robots_nosnippet":false,"robots_nofollow":false,"robots_noimageindex":false,"robots_noodp":false,"robots_notranslate":false,"robots_max_snippet":"-1","robots_max_videopreview":"-1","robots_max_imagepreview":"large","priority":null,"frequency":"default","local_seo":null,"breadcrumb_settings":null,"limit_modified_date":false,"ai":{"faqs":[],"keyPoints":[],"schemas":[],"titles":[],"descriptions":[],"socialPosts":{"email":{"subject":"","preview":"","content":""},"linkedin":[],"twitter":[],"facebook":[],"instagram":[]}},"created":"2026-09-01 11:08:22","updated":"2026-09-02 06:11:34","seo_analyzer_scan_date":null,"focus_keyword":null,"additional_keywords":null,"truseo_locale":null},"aioseo_breadcrumb":"<div class=\"aioseo-breadcrumbs\"><span class=\"aioseo-breadcrumb\">\n\t\t\t<a href=\"https:\/\/kaza-hogar.com\/es\/\" title=\"Home\">Home<\/a>\n\t\t<\/span><span class=\"aioseo-breadcrumb-separator\">&raquo;<\/span><span class=\"aioseo-breadcrumb\">\n\t\t\t<a href=\"https:\/\/kaza-hogar.com\/es\/property\/\" title=\"Propiedades\">Propiedades<\/a>\n\t\t<\/span><span class=\"aioseo-breadcrumb-separator\">&raquo;<\/span><span class=\"aioseo-breadcrumb\">\n\t\t\t<a href=\"https:\/\/kaza-hogar.com\/es\/property-type\/residencial\/\" title=\"Residencial\">Residencial<\/a>\n\t\t<\/span><span class=\"aioseo-breadcrumb-separator\">&raquo;<\/span><span class=\"aioseo-breadcrumb\">\n\t\t\t<a href=\"https:\/\/kaza-hogar.com\/es\/property-type\/duplex\/\" title=\"D\u00faplex\">D\u00faplex<\/a>\n\t\t<\/span><span class=\"aioseo-breadcrumb-separator\">&raquo;<\/span><span class=\"aioseo-breadcrumb\">\n\t\t\tAdosado en esquina con jard\u00edn, sol\u00e1rium y vistas en La Oliva\n\t\t<\/span><\/div>","aioseo_breadcrumb_json":[{"label":"Home","link":"https:\/\/kaza-hogar.com\/es\/"},{"label":"Propiedades","link":"https:\/\/kaza-hogar.com\/es\/property\/"},{"label":"Residencial","link":"https:\/\/kaza-hogar.com\/es\/property-type\/residencial\/"},{"label":"D\u00faplex","link":"https:\/\/kaza-hogar.com\/es\/property-type\/duplex\/"},{"label":"Adosado en esquina con jard\u00edn, sol\u00e1rium y vistas en La Oliva","link":"https:\/\/kaza-hogar.com\/es\/property\/adosado-en-esquina-con-jardin-solarium-y-vistas-en-la-oliva\/"}],"property_meta":{"_last_translation_edit_mode":["translation-editor"],"fave_property_price":["265000"],"fave_featured":["1"],"houzez_featured_listing_date":["2026-09-01 11:08:22"],"fave_property_images":["26722","26718","26730","26719","26720","26721","26723","26724","26725","26726","26727","26728","26729","26731","26732","26733","26734","26735","26736","26737","26738","26739","26740","26741","26742","26743","26744","26745","26746","26747","26748","26749","26750","26751","26752","26753","26754","26755","26756","26757","26758","26759","26760","26761","26762","26763","26764","26765","26766","26767"],"fave_agent_display_option":["agency_info"],"fave_property_agency":["22888"],"fave_single_top_area":["global"],"_top_nav_excluded":[""],"_cms_nav_minihome":[""],"fave_property_size":["90"],"fave_property_size_prefix":["m\u00b2"],"fave_property_land_postfix":["m\u00b2"],"fave_property_bedrooms":["2"],"fave_property_bathrooms":["2"],"fave_property_id":["C0399"],"fave_property_map":["1"],"fave_property_map_address":["35640, La Oliva, Las Palmas, Canarias, Espa\u00f1a"],"fave_property_location":["28.6518418,-13.9046513,0"],"houzez_geolocation_lat":["28.6518418"],"houzez_geolocation_long":["-13.9046513"],"fave_property_map_street_view":["hide"],"fave_property_address":["35640, La Oliva, Las Palmas, Canarias, Espa\u00f1a"],"fave_property_zip":["35640"],"fave_energy_class":["G"],"_thumbnail_id":["26875"],"_wpml_word_count":["313"],"houzez_total_property_views":["4"],"houzez_views_by_date":["a:2:{s:10:\"09-01-2026\";i:2;s:10:\"09-02-2026\";i:2;}"],"houzez_recently_viewed":["2026-09-02 05:51:03"],"_elementor_page_assets":["a:0:{}"]},"_links":{"self":[{"href":"https:\/\/kaza-hogar.com\/es\/wp-json\/wp\/v2\/properties\/26876","targetHints":{"allow":["GET"]}}],"collection":[{"href":"https:\/\/kaza-hogar.com\/es\/wp-json\/wp\/v2\/properties"}],"about":[{"href":"https:\/\/kaza-hogar.com\/es\/wp-json\/wp\/v2\/types\/property"}],"author":[{"embeddable":true,"href":"https:\/\/kaza-hogar.com\/es\/wp-json\/wp\/v2\/users\/5"}],"version-history":[{"count":0,"href":"https:\/\/kaza-hogar.com\/es\/wp-json\/wp\/v2\/properties\/26876\/revisions"}],"wp:featuredmedia":[{"embeddable":true,"href":"https:\/\/kaza-hogar.com\/es\/wp-json\/wp\/v2\/media\/26875"}],"wp:attachment":[{"href":"https:\/\/kaza-hogar.com\/es\/wp-json\/wp\/v2\/media?parent=26876"}],"wp:term":[{"taxonomy":"property_type","embeddable":true,"href":"https:\/\/kaza-hogar.com\/es\/wp-json\/wp\/v2\/property_type?post=26876"},{"taxonomy":"property_status","embeddable":true,"href":"https:\/\/kaza-hogar.com\/es\/wp-json\/wp\/v2\/property_status?post=26876"},{"taxonomy":"property_feature","embeddable":true,"href":"https:\/\/kaza-hogar.com\/es\/wp-json\/wp\/v2\/property_feature?post=26876"},{"taxonomy":"property_label","embeddable":true,"href":"https:\/\/kaza-hogar.com\/es\/wp-json\/wp\/v2\/property_label?post=26876"},{"taxonomy":"property_country","embeddable":true,"href":"https:\/\/kaza-hogar.com\/es\/wp-json\/wp\/v2\/property_country?post=26876"},{"taxonomy":"property_state","embeddable":true,"href":"https:\/\/kaza-hogar.com\/es\/wp-json\/wp\/v2\/property_state?post=26876"},{"taxonomy":"property_city","embeddable":true,"href":"https:\/\/kaza-hogar.com\/es\/wp-json\/wp\/v2\/property_city?post=26876"},{"taxonomy":"property_area","embeddable":true,"href":"https:\/\/kaza-hogar.com\/es\/wp-json\/wp\/v2\/property_area?post=26876"}],"curies":[{"name":"wp","href":"https:\/\/api.w.org\/{rel}","templated":true}]}}