{"id":19178,"date":"2020-03-02T12:03:54","date_gmt":"2020-03-02T12:03:54","guid":{"rendered":"https:\/\/kaza-hogar.com\/eigenschaften\/"},"modified":"2025-11-25T08:39:07","modified_gmt":"2025-11-25T08:39:07","slug":"eigenschaften","status":"publish","type":"page","link":"https:\/\/kaza-hogar.com\/de\/eigenschaften\/","title":{"rendered":"Eigenschaften"},"content":{"rendered":"\t\t<div data-elementor-type=\"wp-page\" data-elementor-id=\"19178\" class=\"elementor elementor-19178 elementor-16962\">\n\t\t\t\t\t\t<section class=\"elementor-section elementor-top-section elementor-element elementor-element-2e104e4f elementor-section-boxed elementor-section-height-default elementor-section-height-default\" data-id=\"2e104e4f\" data-element_type=\"section\" data-e-type=\"section\">\n\t\t\t\t\t\t<div class=\"elementor-container elementor-column-gap-no\">\n\t\t\t\t\t<div class=\"elementor-column elementor-col-100 elementor-top-column elementor-element elementor-element-49e7a5fe\" data-id=\"49e7a5fe\" data-element_type=\"column\" data-e-type=\"column\">\n\t\t\t<div class=\"elementor-widget-wrap elementor-element-populated\">\n\t\t\t\t\t\t<div class=\"elementor-element elementor-element-1ab4530a elementor-widget elementor-widget-houzez_elementor_page_title\" data-id=\"1ab4530a\" data-element_type=\"widget\" data-e-type=\"widget\" data-widget_type=\"houzez_elementor_page_title.default\">\n\t\t\t\t<div class=\"elementor-widget-container\">\n\t\t\t\t\t\n<div class=\"breadcrumb-wrap\" role=\"navigation\">\n\t<nav>\n\t\t<ol class=\"breadcrumb\"><li class=\"breadcrumb-item breadcrumb-item-home\"><i class=\"houzez-icon icon-house\"><\/i><a href=\"https:\/\/kaza-hogar.com\/de\/\/\">Zuhause<\/a><\/li><li class=\"breadcrumb-item active\">Seiten<\/li><\/ol>\t<\/nav>\n<\/div><!-- breadcrumb-wrap --> \n        <div class=\"d-flex align-items-center\">\n            <div class=\"page-title flex-grow-1\" role=\"heading\" aria-level=\"1\">\n\t<h1>Eigenschaften<\/h1>\n<\/div><!-- page-title -->\n \n        <\/div><!-- d-flex -->  \n        \t\t\t\t<\/div>\n\t\t\t\t<\/div>\n\t\t\t\t\t<\/div>\n\t\t<\/div>\n\t\t\t\t\t<\/div>\n\t\t<\/section>\n\t\t\t\t<section class=\"elementor-section elementor-top-section elementor-element elementor-element-7a12daf elementor-section-boxed elementor-section-height-default elementor-section-height-default\" data-id=\"7a12daf\" data-element_type=\"section\" data-e-type=\"section\">\n\t\t\t\t\t\t<div class=\"elementor-container elementor-column-gap-no\">\n\t\t\t\t\t<div class=\"elementor-column elementor-col-66 elementor-top-column elementor-element elementor-element-bea335e\" data-id=\"bea335e\" data-element_type=\"column\" data-e-type=\"column\">\n\t\t\t<div class=\"elementor-widget-wrap elementor-element-populated\">\n\t\t\t\t\t\t<section class=\"elementor-section elementor-inner-section elementor-element elementor-element-5aa0c34 elementor-section-boxed elementor-section-height-default elementor-section-height-default\" data-id=\"5aa0c34\" data-element_type=\"section\" data-e-type=\"section\">\n\t\t\t\t\t\t<div class=\"elementor-container elementor-column-gap-no\">\n\t\t\t\t\t<div class=\"elementor-column elementor-col-50 elementor-inner-column elementor-element elementor-element-4b4ec90\" data-id=\"4b4ec90\" data-element_type=\"column\" data-e-type=\"column\">\n\t\t\t<div class=\"elementor-widget-wrap elementor-element-populated\">\n\t\t\t\t\t\t<div class=\"elementor-element elementor-element-454d667 elementor-widget elementor-widget-houzez_elementor_listings_tabs\" data-id=\"454d667\" data-element_type=\"widget\" data-e-type=\"widget\" data-widget_type=\"houzez_elementor_listings_tabs.default\">\n\t\t\t\t<div class=\"elementor-widget-container\">\n\t\t\t\t\t\n        <div id=\"houzez-listings-tabs-wrap\" class=\"listing-tabs flex-grow-1 mb-2\">\n            \n            <ul class=\"nav nav-tabs \">\n                \n                                <li class=\"nav-item me-1\">\n                    <a class=\"nav-link active\" href=\"https:\/\/kaza-hogar.com\/de\/eigenschaften\/\">\n                        Alle                    <\/a>\n                <\/li>\n                \n                \n                <li class=\"nav-item me-1\">\n                                <a class=\"nav-link \" href=\"https:\/\/kaza-hogar.com\/de\/eigenschaften\/?tab=for-rent&#038;tax=property_status\">\n                                    Zu vermieten\n                                <\/a>\n                            <\/li><li class=\"nav-item me-1\">\n                                <a class=\"nav-link \" href=\"https:\/\/kaza-hogar.com\/de\/eigenschaften\/?tab=for-sale&#038;tax=property_status\">\n                                    Zu verkaufen\n                                <\/a>\n                            <\/li>                \n\n            <\/ul><!-- nav-tabs -->\n                \n        <\/div><!-- listing-tabs -->\n\n    \n    \t\t\t\t<\/div>\n\t\t\t\t<\/div>\n\t\t\t\t\t<\/div>\n\t\t<\/div>\n\t\t\t\t<div class=\"elementor-column elementor-col-50 elementor-inner-column elementor-element elementor-element-9146708\" data-id=\"9146708\" data-element_type=\"column\" data-e-type=\"column\">\n\t\t\t<div class=\"elementor-widget-wrap elementor-element-populated\">\n\t\t\t\t\t\t<div class=\"elementor-element elementor-element-321a2dd elementor-widget elementor-widget-houzez_elementor_sort_by\" data-id=\"321a2dd\" data-element_type=\"widget\" data-e-type=\"widget\" data-widget_type=\"houzez_elementor_sort_by.default\">\n\t\t\t\t<div class=\"elementor-widget-container\">\n\t\t\t\t\t        <div class=\"sort-by\">\n            <div class=\"d-flex align-items-center\">\n                <div class=\"sort-by-title\">\n                    Sortieren nach:                <\/div><!-- sort-by-title -->  \n                <select id=\"sort_properties\" class=\"selectpicker form-control bs-select-hidden\" title=\"Standardauftrag\" data-live-search=\"false\" data-dropdown-align-right=\"auto\">\n                    <option value=\"\">Standardauftrag<\/option>\n                    <option  value=\"a_price\">Preis \u2013 Aufsteigend<\/option>\n                    <option  value=\"d_price\">Preis \u2013 Absteigend<\/option>\n                    \n                    <option  value=\"featured_first\">Empfohlene Angebote zuerst<\/option>\n                    \n                    <option  value=\"a_date\">Datum \u2013 Alt nach Neu<\/option>\n                    <option  value=\"d_date\">Datum \u2013 Neu nach Alt<\/option>\n                <\/select><!-- selectpicker -->\n            <\/div><!-- d-flex -->\n        <\/div><!-- sort-by -->\n        \t\t\t\t<\/div>\n\t\t\t\t<\/div>\n\t\t\t\t\t<\/div>\n\t\t<\/div>\n\t\t\t\t\t<\/div>\n\t\t<\/section>\n\t\t\t\t<div class=\"elementor-element elementor-element-8a2741f elementor-widget elementor-widget-houzez_elementor_property-card-v1\" data-id=\"8a2741f\" data-element_type=\"widget\" data-e-type=\"widget\" data-widget_type=\"houzez_elementor_property-card-v1.default\">\n\t\t\t\t<div class=\"elementor-widget-container\">\n\t\t\t\t\t    <div id=\"properties_module_section\" class=\"property-cards-module property-cards-module-v1 property-cards-module-col-2\">\n        <div id=\"module_properties\" class=\"listing-view grid-view row row-cols-1 row-cols-md-2 row-cols-lg-2 gy-4 gx-4\">\n            <div class=\"item-listing-wrap item-wrap-v1 hz-item-gallery-js hz-map-trigger\" data-hz-id=\"26774\" data-images=\"[{&quot;image&quot;:&quot;https:\\\/\\\/kaza-hogar.com\\\/wp-content\\\/uploads\\\/2026\\\/09\\\/Foto-28-08-26-11-52-41-584x438.jpg&quot;,&quot;alt&quot;:&quot;Eckreihenhaus mit Garten, Sonnenterrasse und Ausblick in La Oliva&quot;,&quot;width&quot;:584,&quot;height&quot;:438,&quot;srcset&quot;:&quot;https:\\\/\\\/kaza-hogar.com\\\/wp-content\\\/uploads\\\/2026\\\/09\\\/Foto-28-08-26-11-52-41-584x438.jpg 584w, https:\\\/\\\/kaza-hogar.com\\\/wp-content\\\/uploads\\\/2026\\\/09\\\/Foto-28-08-26-11-52-41.jpg 1280w&quot;,&quot;sizes&quot;:&quot;(max-width: 584px) 100vw, 584px&quot;},{&quot;image&quot;:&quot;https:\\\/\\\/kaza-hogar.com\\\/wp-content\\\/uploads\\\/2026\\\/09\\\/Foto-28-08-26-11-52-41-584x438.jpg&quot;,&quot;alt&quot;:&quot;Eckreihenhaus mit Garten, Sonnenterrasse und Ausblick in La Oliva&quot;,&quot;width&quot;:584,&quot;height&quot;:438,&quot;srcset&quot;:&quot;https:\\\/\\\/kaza-hogar.com\\\/wp-content\\\/uploads\\\/2026\\\/09\\\/Foto-28-08-26-11-52-41-584x438.jpg 584w, https:\\\/\\\/kaza-hogar.com\\\/wp-content\\\/uploads\\\/2026\\\/09\\\/Foto-28-08-26-11-52-41.jpg 1280w&quot;,&quot;sizes&quot;:&quot;(max-width: 584px) 100vw, 584px&quot;},{&quot;image&quot;:&quot;https:\\\/\\\/kaza-hogar.com\\\/wp-content\\\/uploads\\\/2026\\\/09\\\/Foto-28-08-26-11-50-41-584x438.jpg&quot;,&quot;alt&quot;:&quot;Eckreihenhaus mit Garten, Sonnenterrasse und Ausblick in La Oliva&quot;,&quot;width&quot;:584,&quot;height&quot;:438,&quot;srcset&quot;:false,&quot;sizes&quot;:&quot;(max-width: 584px) 100vw, 584px&quot;},{&quot;image&quot;:&quot;https:\\\/\\\/kaza-hogar.com\\\/wp-content\\\/uploads\\\/2026\\\/09\\\/Foto-28-08-26-11-56-03-584x438.jpg&quot;,&quot;alt&quot;:&quot;Eckreihenhaus mit Garten, Sonnenterrasse und Ausblick in La Oliva&quot;,&quot;width&quot;:584,&quot;height&quot;:438,&quot;srcset&quot;:&quot;https:\\\/\\\/kaza-hogar.com\\\/wp-content\\\/uploads\\\/2026\\\/09\\\/Foto-28-08-26-11-56-03-584x438.jpg 584w, https:\\\/\\\/kaza-hogar.com\\\/wp-content\\\/uploads\\\/2026\\\/09\\\/Foto-28-08-26-11-56-03.jpg 1280w&quot;,&quot;sizes&quot;:&quot;(max-width: 584px) 100vw, 584px&quot;},{&quot;image&quot;:&quot;https:\\\/\\\/kaza-hogar.com\\\/wp-content\\\/uploads\\\/2026\\\/09\\\/Foto-28-08-26-11-50-45-584x438.jpg&quot;,&quot;alt&quot;:&quot;Eckreihenhaus mit Garten, Sonnenterrasse und Ausblick in La Oliva&quot;,&quot;width&quot;:584,&quot;height&quot;:438,&quot;srcset&quot;:false,&quot;sizes&quot;:&quot;(max-width: 584px) 100vw, 584px&quot;},{&quot;image&quot;:&quot;https:\\\/\\\/kaza-hogar.com\\\/wp-content\\\/uploads\\\/2026\\\/09\\\/Foto-28-08-26-11-50-55-584x438.jpg&quot;,&quot;alt&quot;:&quot;Eckreihenhaus mit Garten, Sonnenterrasse und Ausblick in La Oliva&quot;,&quot;width&quot;:584,&quot;height&quot;:438,&quot;srcset&quot;:&quot;https:\\\/\\\/kaza-hogar.com\\\/wp-content\\\/uploads\\\/2026\\\/09\\\/Foto-28-08-26-11-50-55-584x438.jpg 584w, https:\\\/\\\/kaza-hogar.com\\\/wp-content\\\/uploads\\\/2026\\\/09\\\/Foto-28-08-26-11-50-55.jpg 1280w&quot;,&quot;sizes&quot;:&quot;(max-width: 584px) 100vw, 584px&quot;},{&quot;image&quot;:&quot;https:\\\/\\\/kaza-hogar.com\\\/wp-content\\\/uploads\\\/2026\\\/09\\\/Foto-28-08-26-11-51-15-584x438.jpg&quot;,&quot;alt&quot;:&quot;Eckreihenhaus mit Garten, Sonnenterrasse und Ausblick in La Oliva&quot;,&quot;width&quot;:584,&quot;height&quot;:438,&quot;srcset&quot;:false,&quot;sizes&quot;:&quot;(max-width: 584px) 100vw, 584px&quot;},{&quot;image&quot;:&quot;https:\\\/\\\/kaza-hogar.com\\\/wp-content\\\/uploads\\\/2026\\\/09\\\/Foto-28-08-26-11-53-14-584x438.jpg&quot;,&quot;alt&quot;:&quot;Eckreihenhaus mit Garten, Sonnenterrasse und Ausblick in La Oliva&quot;,&quot;width&quot;:584,&quot;height&quot;:438,&quot;srcset&quot;:&quot;https:\\\/\\\/kaza-hogar.com\\\/wp-content\\\/uploads\\\/2026\\\/09\\\/Foto-28-08-26-11-53-14-584x438.jpg 584w, https:\\\/\\\/kaza-hogar.com\\\/wp-content\\\/uploads\\\/2026\\\/09\\\/Foto-28-08-26-11-53-14.jpg 1280w&quot;,&quot;sizes&quot;:&quot;(max-width: 584px) 100vw, 584px&quot;},{&quot;image&quot;:&quot;https:\\\/\\\/kaza-hogar.com\\\/wp-content\\\/uploads\\\/2026\\\/09\\\/Foto-28-08-26-11-53-15-584x438.jpg&quot;,&quot;alt&quot;:&quot;Eckreihenhaus mit Garten, Sonnenterrasse und Ausblick in La Oliva&quot;,&quot;width&quot;:584,&quot;height&quot;:438,&quot;srcset&quot;:&quot;https:\\\/\\\/kaza-hogar.com\\\/wp-content\\\/uploads\\\/2026\\\/09\\\/Foto-28-08-26-11-53-15-584x438.jpg 584w, https:\\\/\\\/kaza-hogar.com\\\/wp-content\\\/uploads\\\/2026\\\/09\\\/Foto-28-08-26-11-53-15.jpg 1280w&quot;,&quot;sizes&quot;:&quot;(max-width: 584px) 100vw, 584px&quot;},{&quot;image&quot;:&quot;https:\\\/\\\/kaza-hogar.com\\\/wp-content\\\/uploads\\\/2026\\\/09\\\/Foto-28-08-26-11-53-26-584x438.jpg&quot;,&quot;alt&quot;:&quot;Eckreihenhaus mit Garten, Sonnenterrasse und Ausblick in La Oliva&quot;,&quot;width&quot;:584,&quot;height&quot;:438,&quot;srcset&quot;:false,&quot;sizes&quot;:&quot;(max-width: 584px) 100vw, 584px&quot;}]\">\n\t<div class=\"item-wrap item-wrap-no-frame h-100\">\n\t\t<div class=\"d-flex flex-column align-items-center h-100\">\n\t\t\t<div class=\"item-header\">\n\t\t\t\t<span class=\"label-featured label me-1\" role=\"status\">Empfohlen<\/span>\t\t\t\t<div class=\"labels-wrap d-flex align-items-center gap-1\" role=\"group\"> \n\n\t<a href=\"https:\/\/kaza-hogar.com\/de\/status\/zu-verkaufen\/\" class=\"label-status label status-color-151\">\n\t\t\t\t\tZu verkaufen\n\t\t\t\t<\/a>       \n\n<\/div>\n\t\t\t\t<ul class=\"item-price-wrap d-flex flex-column gap-2\" role=\"list\">\n\t<li class=\"item-price\"><span class=\"price\">\u20ac265,000<\/span><span class=\"price-postfix\"><\/span><\/li><\/ul>\t\t\t\t<ul class=\"item-tools d-flex align-items-center justify-content-center gap-1\">\n        <li class=\"item-tool item-preview\">\n        <span class=\"hz-show-lightbox-js item-tool-preview text-center\" data-listid=\"26774\">\n            <span data-bs-toggle=\"tooltip\" data-bs-placement=\"top\" title=\"Preview\">\n                <i class=\"houzez-icon icon-expand-3\"><\/i>   \n            <\/span>\n        <\/span><!-- item-tool-favorite -->\n    <\/li><!-- item-tool -->\n        \n        <li class=\"item-tool item-favorite\">\n        <span class=\"add-favorite-js item-tool-favorite text-center\" data-bs-toggle=\"tooltip\" data-bs-placement=\"top\" title=\"Favourite\" data-listid=\"26774\">\n            <i class=\"houzez-icon icon-love-it \"><\/i>\n        <\/span><!-- item-tool-favorite -->\n    <\/li><!-- item-tool -->\n    \n        <li class=\"item-tool item-compare\">\n        <span class=\"houzez_compare compare-26774 item-tool-compare text-center\" data-bs-toggle=\"tooltip\" data-bs-placement=\"top\" title=\"Add to Compare\" data-listing_id=\"26774\" data-listing_image=\"https:\/\/kaza-hogar.com\/wp-content\/uploads\/2026\/09\/Foto-28-08-26-11-52-41-584x438.jpg\">\n            <i class=\"houzez-icon icon-add-circle\"><\/i>\n            <!-- <i class=\"houzez-icon icon-subtract-circle\"><\/i> -->\n        <\/span><!-- item-tool-compare -->\n    <\/li><!-- item-tool -->\n    <\/ul><!-- item-tools -->\n\t\t\t\t<div class=\"listing-image-wrap\">\n\t<div class=\"listing-thumb\">\n\t\t<a target=\"_self\" href=\"https:\/\/kaza-hogar.com\/de\/property\/eckreihenhaus-mit-garten-sonnenterrasse-und-ausblick-in-la-oliva\/\" class=\"listing-featured-thumb hover-effect image-wrap\" role=\"link\">\n\t\t\t<img fetchpriority=\"high\" decoding=\"async\" width=\"584\" height=\"438\" src=\"https:\/\/kaza-hogar.com\/wp-content\/uploads\/2026\/09\/Foto-28-08-26-11-52-41-584x438.jpg\" class=\"img-fluid wp-post-image\" alt=\"Eckreihenhaus mit Garten, Sonnenterrasse und Ausblick in La Oliva\" srcset=\"https:\/\/kaza-hogar.com\/wp-content\/uploads\/2026\/09\/Foto-28-08-26-11-52-41-584x438.jpg 584w, https:\/\/kaza-hogar.com\/wp-content\/uploads\/2026\/09\/Foto-28-08-26-11-52-41.jpg 1280w\" sizes=\"(max-width: 584px) 100vw, 584px\" \/>\t\t<\/a><!-- hover-effect -->\n\t<\/div>\n<\/div>\t\t\t\t<div class=\"preview_loader\"><\/div>\n\t\t\t<\/div>\n\t\t\t<div class=\"item-body w-100 flex-grow-1\">\n\t\t\t\t<h2 class=\"item-title mb-2 \">\n\t<a target=\"_self\" href=\"https:\/\/kaza-hogar.com\/de\/property\/eckreihenhaus-mit-garten-sonnenterrasse-und-ausblick-in-la-oliva\/\" role=\"link\">Eckreihenhaus mit Garten, Sonnenterrasse und Ausblick in La Oliva<\/a>\n<\/h2><!-- item-title -->\t\t\t\t<address class=\"item-address mb-2\"><i class=\"houzez-icon icon-pin me-1\" aria-hidden=\"true\"><\/i><span>35640, La Oliva, Las Palmas, Canarias, Espa\u00f1a<\/span><\/address>\t\t\t\t\t\t\t\t<ul class=\"item-amenities d-flex flex-wrap align-items-center gap-2 mb-2 item-amenities-with-icons\" role=\"list\">\n\t<li class=\"h-beds d-flex align-items-center me-1\"><i class=\"houzez-icon icon-hotel-double-bed-1 me-2\"><\/i><span class=\"item-amenities-text\">Beds:<\/span> <span class=\"hz-figure\">2<\/span><\/li><li class=\"h-baths d-flex align-items-center me-1\"><i class=\"houzez-icon icon-bathroom-shower-1 me-2\"><\/i><span class=\"item-amenities-text\">Baths:<\/span> <span class=\"hz-figure\">2<\/span><\/li><li class=\"h-area d-flex align-items-center me-1\"><i class=\"houzez-icon icon-ruler-triangle me-2\"><\/i><span class=\"hz-figure me-1\">90<\/span> <span class=\"hz-figure area_postfix\">m\u00b2<\/span><\/li><li class=\"h-type d-flex w-100\" role=\"listitem\"><span>Duplex<\/span><\/li><\/ul>\t\t\t\t\t\t\t<\/div>\n\t\t\t\t\t<\/div>\n\t<\/div>\n<\/div><div class=\"item-listing-wrap item-wrap-v1 hz-item-gallery-js hz-map-trigger\" data-hz-id=\"26633\" data-images=\"[{&quot;image&quot;:&quot;https:\\\/\\\/kaza-hogar.com\\\/wp-content\\\/uploads\\\/2026\\\/08\\\/8Holiday-Rental-Villa-lujo-Tenerife-Short-Stay-Circular-Villa-la-matanza-584x438.jpg&quot;,&quot;alt&quot;:&quot;Exklusive Villa mit spektakul\\u00e4rem Meer- und Teideblick&quot;,&quot;width&quot;:584,&quot;height&quot;:438,&quot;srcset&quot;:false,&quot;sizes&quot;:&quot;(max-width: 584px) 100vw, 584px&quot;},{&quot;image&quot;:&quot;https:\\\/\\\/kaza-hogar.com\\\/wp-content\\\/uploads\\\/2026\\\/08\\\/8Holiday-Rental-Villa-lujo-Tenerife-Short-Stay-Circular-Villa-la-matanza-584x438.jpg&quot;,&quot;alt&quot;:&quot;Exklusive Villa mit spektakul\\u00e4rem Meer- und Teideblick&quot;,&quot;width&quot;:584,&quot;height&quot;:438,&quot;srcset&quot;:false,&quot;sizes&quot;:&quot;(max-width: 584px) 100vw, 584px&quot;},{&quot;image&quot;:&quot;https:\\\/\\\/kaza-hogar.com\\\/wp-content\\\/uploads\\\/2026\\\/08\\\/2Holiday-Rental-Villa-lujo-Tenerife-Short-Stay-Circular-Villa-la-matanza-584x438.jpg&quot;,&quot;alt&quot;:&quot;Exklusive Villa mit spektakul\\u00e4rem Meer- und Teideblick&quot;,&quot;width&quot;:584,&quot;height&quot;:438,&quot;srcset&quot;:false,&quot;sizes&quot;:&quot;(max-width: 584px) 100vw, 584px&quot;},{&quot;image&quot;:&quot;https:\\\/\\\/kaza-hogar.com\\\/wp-content\\\/uploads\\\/2026\\\/08\\\/11Holiday-Rental-Villa-lujo-Tenerife-Short-Stay-Circular-Villa-la-matanza-584x438.jpg&quot;,&quot;alt&quot;:&quot;Exklusive Villa mit spektakul\\u00e4rem Meer- und Teideblick&quot;,&quot;width&quot;:584,&quot;height&quot;:438,&quot;srcset&quot;:false,&quot;sizes&quot;:&quot;(max-width: 584px) 100vw, 584px&quot;},{&quot;image&quot;:&quot;https:\\\/\\\/kaza-hogar.com\\\/wp-content\\\/uploads\\\/2026\\\/08\\\/1Holiday-Rental-Villa-lujo-Tenerife-Short-Stay-Circular-Villa-la-matanza-584x438.jpg&quot;,&quot;alt&quot;:&quot;Exklusive Villa mit spektakul\\u00e4rem Meer- und Teideblick&quot;,&quot;width&quot;:584,&quot;height&quot;:438,&quot;srcset&quot;:false,&quot;sizes&quot;:&quot;(max-width: 584px) 100vw, 584px&quot;},{&quot;image&quot;:&quot;https:\\\/\\\/kaza-hogar.com\\\/wp-content\\\/uploads\\\/2026\\\/08\\\/4Holiday-Rental-Villa-lujo-Tenerife-Short-Stay-Circular-Villa-la-matanza-2-584x438.jpg&quot;,&quot;alt&quot;:&quot;Exklusive Villa mit spektakul\\u00e4rem Meer- und Teideblick&quot;,&quot;width&quot;:584,&quot;height&quot;:438,&quot;srcset&quot;:false,&quot;sizes&quot;:&quot;(max-width: 584px) 100vw, 584px&quot;},{&quot;image&quot;:&quot;https:\\\/\\\/kaza-hogar.com\\\/wp-content\\\/uploads\\\/2026\\\/08\\\/4Holiday-Rental-Villa-lujo-Tenerife-Short-Stay-Circular-Villa-la-matanza-584x438.jpg&quot;,&quot;alt&quot;:&quot;Exklusive Villa mit spektakul\\u00e4rem Meer- und Teideblick&quot;,&quot;width&quot;:584,&quot;height&quot;:438,&quot;srcset&quot;:false,&quot;sizes&quot;:&quot;(max-width: 584px) 100vw, 584px&quot;},{&quot;image&quot;:&quot;https:\\\/\\\/kaza-hogar.com\\\/wp-content\\\/uploads\\\/2026\\\/08\\\/6Holiday-Rental-Villa-lujo-Tenerife-Short-Stay-Circular-Villa-la-matanza-2-584x438.jpg&quot;,&quot;alt&quot;:&quot;Exklusive Villa mit spektakul\\u00e4rem Meer- und Teideblick&quot;,&quot;width&quot;:584,&quot;height&quot;:438,&quot;srcset&quot;:false,&quot;sizes&quot;:&quot;(max-width: 584px) 100vw, 584px&quot;},{&quot;image&quot;:&quot;https:\\\/\\\/kaza-hogar.com\\\/wp-content\\\/uploads\\\/2026\\\/08\\\/6Holiday-Rental-Villa-lujo-Tenerife-Short-Stay-Circular-Villa-la-matanza-584x438.jpg&quot;,&quot;alt&quot;:&quot;Exklusive Villa mit spektakul\\u00e4rem Meer- und Teideblick&quot;,&quot;width&quot;:584,&quot;height&quot;:438,&quot;srcset&quot;:false,&quot;sizes&quot;:&quot;(max-width: 584px) 100vw, 584px&quot;},{&quot;image&quot;:&quot;https:\\\/\\\/kaza-hogar.com\\\/wp-content\\\/uploads\\\/2026\\\/08\\\/9Holiday-Rental-Villa-lujo-Tenerife-Short-Stay-Circular-Villa-la-matanza-584x438.jpg&quot;,&quot;alt&quot;:&quot;Exklusive Villa mit spektakul\\u00e4rem Meer- und Teideblick&quot;,&quot;width&quot;:584,&quot;height&quot;:438,&quot;srcset&quot;:false,&quot;sizes&quot;:&quot;(max-width: 584px) 100vw, 584px&quot;}]\">\n\t<div class=\"item-wrap item-wrap-no-frame h-100\">\n\t\t<div class=\"d-flex flex-column align-items-center h-100\">\n\t\t\t<div class=\"item-header\">\n\t\t\t\t<span class=\"label-featured label me-1\" role=\"status\">Empfohlen<\/span>\t\t\t\t<div class=\"labels-wrap d-flex align-items-center gap-1\" role=\"group\"> \n\n\t<a href=\"https:\/\/kaza-hogar.com\/de\/status\/zu-verkaufen\/\" class=\"label-status label status-color-151\">\n\t\t\t\t\tZu verkaufen\n\t\t\t\t<\/a>       \n\n<\/div>\n\t\t\t\t<ul class=\"item-price-wrap d-flex flex-column gap-2\" role=\"list\">\n\t<li class=\"item-price\"><span class=\"price\">\u20ac1,400,000<\/span><span class=\"price-postfix\"><\/span><\/li><\/ul>\t\t\t\t<ul class=\"item-tools d-flex align-items-center justify-content-center gap-1\">\n        <li class=\"item-tool item-preview\">\n        <span class=\"hz-show-lightbox-js item-tool-preview text-center\" data-listid=\"26633\">\n            <span data-bs-toggle=\"tooltip\" data-bs-placement=\"top\" title=\"Preview\">\n                <i class=\"houzez-icon icon-expand-3\"><\/i>   \n            <\/span>\n        <\/span><!-- item-tool-favorite -->\n    <\/li><!-- item-tool -->\n        \n        <li class=\"item-tool item-favorite\">\n        <span class=\"add-favorite-js item-tool-favorite text-center\" data-bs-toggle=\"tooltip\" data-bs-placement=\"top\" title=\"Favourite\" data-listid=\"26633\">\n            <i class=\"houzez-icon icon-love-it \"><\/i>\n        <\/span><!-- item-tool-favorite -->\n    <\/li><!-- item-tool -->\n    \n        <li class=\"item-tool item-compare\">\n        <span class=\"houzez_compare compare-26633 item-tool-compare text-center\" data-bs-toggle=\"tooltip\" data-bs-placement=\"top\" title=\"Add to Compare\" data-listing_id=\"26633\" data-listing_image=\"https:\/\/kaza-hogar.com\/wp-content\/uploads\/2026\/08\/8Holiday-Rental-Villa-lujo-Tenerife-Short-Stay-Circular-Villa-la-matanza-584x438.jpg\">\n            <i class=\"houzez-icon icon-add-circle\"><\/i>\n            <!-- <i class=\"houzez-icon icon-subtract-circle\"><\/i> -->\n        <\/span><!-- item-tool-compare -->\n    <\/li><!-- item-tool -->\n    <\/ul><!-- item-tools -->\n\t\t\t\t<div class=\"listing-image-wrap\">\n\t<div class=\"listing-thumb\">\n\t\t<a target=\"_self\" href=\"https:\/\/kaza-hogar.com\/de\/property\/exklusive-villa-mit-spektakulaerem-meer-und-teideblick\/\" class=\"listing-featured-thumb hover-effect image-wrap\" role=\"link\">\n\t\t\t<img decoding=\"async\" width=\"584\" height=\"438\" src=\"https:\/\/kaza-hogar.com\/wp-content\/uploads\/2026\/08\/8Holiday-Rental-Villa-lujo-Tenerife-Short-Stay-Circular-Villa-la-matanza-584x438.jpg\" class=\"img-fluid wp-post-image\" alt=\"Exklusive Villa mit spektakul\u00e4rem Meer- und Teideblick\" \/>\t\t<\/a><!-- hover-effect -->\n\t<\/div>\n<\/div>\t\t\t\t<div class=\"preview_loader\"><\/div>\n\t\t\t<\/div>\n\t\t\t<div class=\"item-body w-100 flex-grow-1\">\n\t\t\t\t<h2 class=\"item-title mb-2 \">\n\t<a target=\"_self\" href=\"https:\/\/kaza-hogar.com\/de\/property\/exklusive-villa-mit-spektakulaerem-meer-und-teideblick\/\" role=\"link\">Exklusive Villa mit spektakul\u00e4rem Meer- und Teideblick<\/a>\n<\/h2><!-- item-title -->\t\t\t\t<address class=\"item-address mb-2\"><i class=\"houzez-icon icon-pin me-1\" aria-hidden=\"true\"><\/i><span>La Matanza de Acentejo, Santa Cruz de Tenerife, Canarias, 38370, Espa\u00f1a<\/span><\/address>\t\t\t\t\t\t\t\t<ul class=\"item-amenities d-flex flex-wrap align-items-center gap-2 mb-2 item-amenities-with-icons\" role=\"list\">\n\t<li class=\"h-beds d-flex align-items-center me-1\"><i class=\"houzez-icon icon-hotel-double-bed-1 me-2\"><\/i><span class=\"item-amenities-text\">Beds:<\/span> <span class=\"hz-figure\">2<\/span><\/li><li class=\"h-baths d-flex align-items-center me-1\"><i class=\"houzez-icon icon-bathroom-shower-1 me-2\"><\/i><span class=\"item-amenities-text\">Baths:<\/span> <span class=\"hz-figure\">2<\/span><\/li><li class=\"h-area d-flex align-items-center me-1\"><i class=\"houzez-icon icon-ruler-triangle me-2\"><\/i><span class=\"hz-figure me-1\">155<\/span> <span class=\"hz-figure area_postfix\">m\u00b2<\/span><\/li><li class=\"h-type d-flex w-100\" role=\"listitem\"><span>Villa<\/span><\/li><\/ul>\t\t\t\t\t\t\t<\/div>\n\t\t\t\t\t<\/div>\n\t<\/div>\n<\/div><div class=\"item-listing-wrap item-wrap-v1 hz-item-gallery-js hz-map-trigger\" data-hz-id=\"26454\" data-images=\"[{&quot;image&quot;:&quot;https:\\\/\\\/kaza-hogar.com\\\/wp-content\\\/uploads\\\/2026\\\/08\\\/4e96dfb8-82f7-4344-9f78-bd6d632848c3-584x438.jpg&quot;,&quot;alt&quot;:&quot;Luxus Villa in einer ruhigen Wohngegend in Lajares.&quot;,&quot;width&quot;:584,&quot;height&quot;:438,&quot;srcset&quot;:false,&quot;sizes&quot;:&quot;(max-width: 584px) 100vw, 584px&quot;},{&quot;image&quot;:&quot;https:\\\/\\\/kaza-hogar.com\\\/wp-content\\\/uploads\\\/2026\\\/08\\\/4e96dfb8-82f7-4344-9f78-bd6d632848c3-584x438.jpg&quot;,&quot;alt&quot;:&quot;Luxus Villa in einer ruhigen Wohngegend in Lajares.&quot;,&quot;width&quot;:584,&quot;height&quot;:438,&quot;srcset&quot;:false,&quot;sizes&quot;:&quot;(max-width: 584px) 100vw, 584px&quot;},{&quot;image&quot;:&quot;https:\\\/\\\/kaza-hogar.com\\\/wp-content\\\/uploads\\\/2026\\\/08\\\/abbb0883-9230-4dff-bbdf-1e33f2fb6c67-584x438.jpg&quot;,&quot;alt&quot;:&quot;Luxus Villa in einer ruhigen Wohngegend in Lajares.&quot;,&quot;width&quot;:584,&quot;height&quot;:438,&quot;srcset&quot;:false,&quot;sizes&quot;:&quot;(max-width: 584px) 100vw, 584px&quot;},{&quot;image&quot;:&quot;https:\\\/\\\/kaza-hogar.com\\\/wp-content\\\/uploads\\\/2026\\\/08\\\/3d9f7577-775a-4637-8a9f-645ac36a16bb-584x438.jpg&quot;,&quot;alt&quot;:&quot;Luxus Villa in einer ruhigen Wohngegend in Lajares.&quot;,&quot;width&quot;:584,&quot;height&quot;:438,&quot;srcset&quot;:false,&quot;sizes&quot;:&quot;(max-width: 584px) 100vw, 584px&quot;},{&quot;image&quot;:&quot;https:\\\/\\\/kaza-hogar.com\\\/wp-content\\\/uploads\\\/2026\\\/08\\\/0b3fb6d1-7929-43fc-a656-b9cb8e4c0544-584x438.jpg&quot;,&quot;alt&quot;:&quot;Luxus Villa in einer ruhigen Wohngegend in Lajares.&quot;,&quot;width&quot;:584,&quot;height&quot;:438,&quot;srcset&quot;:false,&quot;sizes&quot;:&quot;(max-width: 584px) 100vw, 584px&quot;},{&quot;image&quot;:&quot;https:\\\/\\\/kaza-hogar.com\\\/wp-content\\\/uploads\\\/2026\\\/08\\\/3ba1b1d3-95aa-40d2-9994-8d167e051354-584x438.jpg&quot;,&quot;alt&quot;:&quot;Luxus Villa in einer ruhigen Wohngegend in Lajares.&quot;,&quot;width&quot;:584,&quot;height&quot;:438,&quot;srcset&quot;:false,&quot;sizes&quot;:&quot;(max-width: 584px) 100vw, 584px&quot;},{&quot;image&quot;:&quot;https:\\\/\\\/kaza-hogar.com\\\/wp-content\\\/uploads\\\/2026\\\/08\\\/3bcfcbf7-a656-4ee8-82bf-573b2ae69909-584x438.jpg&quot;,&quot;alt&quot;:&quot;Luxus Villa in einer ruhigen Wohngegend in Lajares.&quot;,&quot;width&quot;:584,&quot;height&quot;:438,&quot;srcset&quot;:false,&quot;sizes&quot;:&quot;(max-width: 584px) 100vw, 584px&quot;},{&quot;image&quot;:&quot;https:\\\/\\\/kaza-hogar.com\\\/wp-content\\\/uploads\\\/2026\\\/08\\\/7e2b563a-0ae4-4d78-8990-d5e2c2dba9fb-584x438.jpg&quot;,&quot;alt&quot;:&quot;Luxus Villa in einer ruhigen Wohngegend in Lajares.&quot;,&quot;width&quot;:584,&quot;height&quot;:438,&quot;srcset&quot;:false,&quot;sizes&quot;:&quot;(max-width: 584px) 100vw, 584px&quot;},{&quot;image&quot;:&quot;https:\\\/\\\/kaza-hogar.com\\\/wp-content\\\/uploads\\\/2026\\\/08\\\/7ae78906-f710-4324-bbc1-9f9f23b8c362-584x438.jpg&quot;,&quot;alt&quot;:&quot;Luxus Villa in einer ruhigen Wohngegend in Lajares.&quot;,&quot;width&quot;:584,&quot;height&quot;:438,&quot;srcset&quot;:false,&quot;sizes&quot;:&quot;(max-width: 584px) 100vw, 584px&quot;},{&quot;image&quot;:&quot;https:\\\/\\\/kaza-hogar.com\\\/wp-content\\\/uploads\\\/2026\\\/08\\\/0d842770-b06c-4ef6-a687-2c265e07dd6d-584x438.jpg&quot;,&quot;alt&quot;:&quot;Luxus Villa in einer ruhigen Wohngegend in Lajares.&quot;,&quot;width&quot;:584,&quot;height&quot;:438,&quot;srcset&quot;:false,&quot;sizes&quot;:&quot;(max-width: 584px) 100vw, 584px&quot;}]\">\n\t<div class=\"item-wrap item-wrap-no-frame h-100\">\n\t\t<div class=\"d-flex flex-column align-items-center h-100\">\n\t\t\t<div class=\"item-header\">\n\t\t\t\t<span class=\"label-featured label me-1\" role=\"status\">Empfohlen<\/span>\t\t\t\t<div class=\"labels-wrap d-flex align-items-center gap-1\" role=\"group\"> \n\n\t<a href=\"https:\/\/kaza-hogar.com\/de\/status\/zu-verkaufen\/\" class=\"label-status label status-color-151\">\n\t\t\t\t\tZu verkaufen\n\t\t\t\t<\/a>       \n\n<\/div>\n\t\t\t\t<ul class=\"item-price-wrap d-flex flex-column gap-2\" role=\"list\">\n\t<li class=\"item-price\"><span class=\"price\">\u20ac800,000<\/span><span class=\"price-postfix\"><\/span><\/li><\/ul>\t\t\t\t<ul class=\"item-tools d-flex align-items-center justify-content-center gap-1\">\n        <li class=\"item-tool item-preview\">\n        <span class=\"hz-show-lightbox-js item-tool-preview text-center\" data-listid=\"26454\">\n            <span data-bs-toggle=\"tooltip\" data-bs-placement=\"top\" title=\"Preview\">\n                <i class=\"houzez-icon icon-expand-3\"><\/i>   \n            <\/span>\n        <\/span><!-- item-tool-favorite -->\n    <\/li><!-- item-tool -->\n        \n        <li class=\"item-tool item-favorite\">\n        <span class=\"add-favorite-js item-tool-favorite text-center\" data-bs-toggle=\"tooltip\" data-bs-placement=\"top\" title=\"Favourite\" data-listid=\"26454\">\n            <i class=\"houzez-icon icon-love-it \"><\/i>\n        <\/span><!-- item-tool-favorite -->\n    <\/li><!-- item-tool -->\n    \n        <li class=\"item-tool item-compare\">\n        <span class=\"houzez_compare compare-26454 item-tool-compare text-center\" data-bs-toggle=\"tooltip\" data-bs-placement=\"top\" title=\"Add to Compare\" data-listing_id=\"26454\" data-listing_image=\"https:\/\/kaza-hogar.com\/wp-content\/uploads\/2026\/08\/4e96dfb8-82f7-4344-9f78-bd6d632848c3-584x438.jpg\">\n            <i class=\"houzez-icon icon-add-circle\"><\/i>\n            <!-- <i class=\"houzez-icon icon-subtract-circle\"><\/i> -->\n        <\/span><!-- item-tool-compare -->\n    <\/li><!-- item-tool -->\n    <\/ul><!-- item-tools -->\n\t\t\t\t<div class=\"listing-image-wrap\">\n\t<div class=\"listing-thumb\">\n\t\t<a target=\"_self\" href=\"https:\/\/kaza-hogar.com\/de\/property\/luxus-villa-in-einer-ruhigen-wohngegend-in-lajares\/\" class=\"listing-featured-thumb hover-effect image-wrap\" role=\"link\">\n\t\t\t<img decoding=\"async\" width=\"584\" height=\"438\" src=\"https:\/\/kaza-hogar.com\/wp-content\/uploads\/2026\/08\/4e96dfb8-82f7-4344-9f78-bd6d632848c3-584x438.jpg\" class=\"img-fluid wp-post-image\" alt=\"Luxus Villa in einer ruhigen Wohngegend in Lajares.\" \/>\t\t<\/a><!-- hover-effect -->\n\t<\/div>\n<\/div>\t\t\t\t<div class=\"preview_loader\"><\/div>\n\t\t\t<\/div>\n\t\t\t<div class=\"item-body w-100 flex-grow-1\">\n\t\t\t\t<h2 class=\"item-title mb-2 \">\n\t<a target=\"_self\" href=\"https:\/\/kaza-hogar.com\/de\/property\/luxus-villa-in-einer-ruhigen-wohngegend-in-lajares\/\" role=\"link\">Luxus Villa in einer ruhigen Wohngegend in Lajares.<\/a>\n<\/h2><!-- item-title -->\t\t\t\t<address class=\"item-address mb-2\"><i class=\"houzez-icon icon-pin me-1\" aria-hidden=\"true\"><\/i><span>Calle Central, Lajares, La Oliva, Las Palmas, Canarias, 35650, Espa\u00f1a<\/span><\/address>\t\t\t\t\t\t\t\t<ul class=\"item-amenities d-flex flex-wrap align-items-center gap-2 mb-2 item-amenities-with-icons\" role=\"list\">\n\t<li class=\"h-beds d-flex align-items-center me-1\"><i class=\"houzez-icon icon-hotel-double-bed-1 me-2\"><\/i><span class=\"item-amenities-text\">Beds:<\/span> <span class=\"hz-figure\">5<\/span><\/li><li class=\"h-baths d-flex align-items-center me-1\"><i class=\"houzez-icon icon-bathroom-shower-1 me-2\"><\/i><span class=\"item-amenities-text\">Baths:<\/span> <span class=\"hz-figure\">5<\/span><\/li><li class=\"h-area d-flex align-items-center me-1\"><i class=\"houzez-icon icon-ruler-triangle me-2\"><\/i><span class=\"hz-figure me-1\">335<\/span> <span class=\"hz-figure area_postfix\">m\u00b2<\/span><\/li><li class=\"h-type d-flex w-100\" role=\"listitem\"><span>Villa<\/span><\/li><\/ul>\t\t\t\t\t\t\t<\/div>\n\t\t\t\t\t<\/div>\n\t<\/div>\n<\/div><div class=\"item-listing-wrap item-wrap-v1 hz-item-gallery-js hz-map-trigger\" data-hz-id=\"25966\" data-images=\"[{&quot;image&quot;:&quot;https:\\\/\\\/kaza-hogar.com\\\/wp-content\\\/uploads\\\/2026\\\/07\\\/1-584x438.jpg&quot;,&quot;alt&quot;:&quot;Es gibt H\\u00e4user, die zum Wohnen gebaut wurden. Und dann gibt es jene au\\u00dfergew\\u00f6hnlich seltenen Anwesen, die dazu bestimmt sind, Teil der Geschichte zu werden.&quot;,&quot;width&quot;:584,&quot;height&quot;:438,&quot;srcset&quot;:&quot;https:\\\/\\\/kaza-hogar.com\\\/wp-content\\\/uploads\\\/2026\\\/07\\\/1-584x438.jpg 584w, https:\\\/\\\/kaza-hogar.com\\\/wp-content\\\/uploads\\\/2026\\\/07\\\/1.jpg 1280w&quot;,&quot;sizes&quot;:&quot;(max-width: 584px) 100vw, 584px&quot;},{&quot;image&quot;:&quot;https:\\\/\\\/kaza-hogar.com\\\/wp-content\\\/uploads\\\/2026\\\/07\\\/IMG_3447-1-584x438.jpeg&quot;,&quot;alt&quot;:&quot;Es gibt H\\u00e4user, die zum Wohnen gebaut wurden. Und dann gibt es jene au\\u00dfergew\\u00f6hnlich seltenen Anwesen, die dazu bestimmt sind, Teil der Geschichte zu werden.&quot;,&quot;width&quot;:584,&quot;height&quot;:438,&quot;srcset&quot;:&quot;https:\\\/\\\/kaza-hogar.com\\\/wp-content\\\/uploads\\\/2026\\\/07\\\/IMG_3447-1-584x438.jpeg 584w, https:\\\/\\\/kaza-hogar.com\\\/wp-content\\\/uploads\\\/2026\\\/07\\\/IMG_3447-1.jpeg 1280w&quot;,&quot;sizes&quot;:&quot;(max-width: 584px) 100vw, 584px&quot;},{&quot;image&quot;:&quot;https:\\\/\\\/kaza-hogar.com\\\/wp-content\\\/uploads\\\/2026\\\/07\\\/IMG_3466-1-584x438.jpeg&quot;,&quot;alt&quot;:&quot;Es gibt H\\u00e4user, die zum Wohnen gebaut wurden. Und dann gibt es jene au\\u00dfergew\\u00f6hnlich seltenen Anwesen, die dazu bestimmt sind, Teil der Geschichte zu werden.&quot;,&quot;width&quot;:584,&quot;height&quot;:438,&quot;srcset&quot;:&quot;https:\\\/\\\/kaza-hogar.com\\\/wp-content\\\/uploads\\\/2026\\\/07\\\/IMG_3466-1-584x438.jpeg 584w, https:\\\/\\\/kaza-hogar.com\\\/wp-content\\\/uploads\\\/2026\\\/07\\\/IMG_3466-1.jpeg 1280w&quot;,&quot;sizes&quot;:&quot;(max-width: 584px) 100vw, 584px&quot;},{&quot;image&quot;:&quot;https:\\\/\\\/kaza-hogar.com\\\/wp-content\\\/uploads\\\/2026\\\/07\\\/1-11-1-584x438.jpeg&quot;,&quot;alt&quot;:&quot;Es gibt H\\u00e4user, die zum Wohnen gebaut wurden. Und dann gibt es jene au\\u00dfergew\\u00f6hnlich seltenen Anwesen, die dazu bestimmt sind, Teil der Geschichte zu werden.&quot;,&quot;width&quot;:584,&quot;height&quot;:438,&quot;srcset&quot;:&quot;https:\\\/\\\/kaza-hogar.com\\\/wp-content\\\/uploads\\\/2026\\\/07\\\/1-11-1-584x438.jpeg 584w, https:\\\/\\\/kaza-hogar.com\\\/wp-content\\\/uploads\\\/2026\\\/07\\\/1-11-1.jpeg 1520w&quot;,&quot;sizes&quot;:&quot;(max-width: 584px) 100vw, 584px&quot;},{&quot;image&quot;:&quot;https:\\\/\\\/kaza-hogar.com\\\/wp-content\\\/uploads\\\/2026\\\/07\\\/1-5-1-584x438.jpeg&quot;,&quot;alt&quot;:&quot;Es gibt H\\u00e4user, die zum Wohnen gebaut wurden. Und dann gibt es jene au\\u00dfergew\\u00f6hnlich seltenen Anwesen, die dazu bestimmt sind, Teil der Geschichte zu werden.&quot;,&quot;width&quot;:584,&quot;height&quot;:438,&quot;srcset&quot;:&quot;https:\\\/\\\/kaza-hogar.com\\\/wp-content\\\/uploads\\\/2026\\\/07\\\/1-5-1-584x438.jpeg 584w, https:\\\/\\\/kaza-hogar.com\\\/wp-content\\\/uploads\\\/2026\\\/07\\\/1-5-1.jpeg 760w&quot;,&quot;sizes&quot;:&quot;(max-width: 584px) 100vw, 584px&quot;},{&quot;image&quot;:&quot;https:\\\/\\\/kaza-hogar.com\\\/wp-content\\\/uploads\\\/2026\\\/07\\\/1-6-1-584x438.jpeg&quot;,&quot;alt&quot;:&quot;Es gibt H\\u00e4user, die zum Wohnen gebaut wurden. Und dann gibt es jene au\\u00dfergew\\u00f6hnlich seltenen Anwesen, die dazu bestimmt sind, Teil der Geschichte zu werden.&quot;,&quot;width&quot;:584,&quot;height&quot;:438,&quot;srcset&quot;:&quot;https:\\\/\\\/kaza-hogar.com\\\/wp-content\\\/uploads\\\/2026\\\/07\\\/1-6-1-584x438.jpeg 584w, https:\\\/\\\/kaza-hogar.com\\\/wp-content\\\/uploads\\\/2026\\\/07\\\/1-6-1.jpeg 1520w&quot;,&quot;sizes&quot;:&quot;(max-width: 584px) 100vw, 584px&quot;},{&quot;image&quot;:&quot;https:\\\/\\\/kaza-hogar.com\\\/wp-content\\\/uploads\\\/2026\\\/07\\\/1-7-1-584x438.jpeg&quot;,&quot;alt&quot;:&quot;Es gibt H\\u00e4user, die zum Wohnen gebaut wurden. Und dann gibt es jene au\\u00dfergew\\u00f6hnlich seltenen Anwesen, die dazu bestimmt sind, Teil der Geschichte zu werden.&quot;,&quot;width&quot;:584,&quot;height&quot;:438,&quot;srcset&quot;:&quot;https:\\\/\\\/kaza-hogar.com\\\/wp-content\\\/uploads\\\/2026\\\/07\\\/1-7-1-584x438.jpeg 584w, https:\\\/\\\/kaza-hogar.com\\\/wp-content\\\/uploads\\\/2026\\\/07\\\/1-7-1.jpeg 760w&quot;,&quot;sizes&quot;:&quot;(max-width: 584px) 100vw, 584px&quot;},{&quot;image&quot;:&quot;https:\\\/\\\/kaza-hogar.com\\\/wp-content\\\/uploads\\\/2026\\\/07\\\/1-1-copia-1-584x438.jpg&quot;,&quot;alt&quot;:&quot;Es gibt H\\u00e4user, die zum Wohnen gebaut wurden. Und dann gibt es jene au\\u00dfergew\\u00f6hnlich seltenen Anwesen, die dazu bestimmt sind, Teil der Geschichte zu werden.&quot;,&quot;width&quot;:584,&quot;height&quot;:438,&quot;srcset&quot;:&quot;https:\\\/\\\/kaza-hogar.com\\\/wp-content\\\/uploads\\\/2026\\\/07\\\/1-1-copia-1-584x438.jpg 584w, https:\\\/\\\/kaza-hogar.com\\\/wp-content\\\/uploads\\\/2026\\\/07\\\/1-1-copia-1.jpg 760w&quot;,&quot;sizes&quot;:&quot;(max-width: 584px) 100vw, 584px&quot;},{&quot;image&quot;:&quot;https:\\\/\\\/kaza-hogar.com\\\/wp-content\\\/uploads\\\/2026\\\/07\\\/1-2-copia-1-584x438.jpg&quot;,&quot;alt&quot;:&quot;Es gibt H\\u00e4user, die zum Wohnen gebaut wurden. Und dann gibt es jene au\\u00dfergew\\u00f6hnlich seltenen Anwesen, die dazu bestimmt sind, Teil der Geschichte zu werden.&quot;,&quot;width&quot;:584,&quot;height&quot;:438,&quot;srcset&quot;:&quot;https:\\\/\\\/kaza-hogar.com\\\/wp-content\\\/uploads\\\/2026\\\/07\\\/1-2-copia-1-584x438.jpg 584w, https:\\\/\\\/kaza-hogar.com\\\/wp-content\\\/uploads\\\/2026\\\/07\\\/1-2-copia-1.jpg 1520w&quot;,&quot;sizes&quot;:&quot;(max-width: 584px) 100vw, 584px&quot;},{&quot;image&quot;:&quot;https:\\\/\\\/kaza-hogar.com\\\/wp-content\\\/uploads\\\/2026\\\/07\\\/1-3-copia-1-584x438.jpg&quot;,&quot;alt&quot;:&quot;Es gibt H\\u00e4user, die zum Wohnen gebaut wurden. Und dann gibt es jene au\\u00dfergew\\u00f6hnlich seltenen Anwesen, die dazu bestimmt sind, Teil der Geschichte zu werden.&quot;,&quot;width&quot;:584,&quot;height&quot;:438,&quot;srcset&quot;:&quot;https:\\\/\\\/kaza-hogar.com\\\/wp-content\\\/uploads\\\/2026\\\/07\\\/1-3-copia-1-584x438.jpg 584w, https:\\\/\\\/kaza-hogar.com\\\/wp-content\\\/uploads\\\/2026\\\/07\\\/1-3-copia-1.jpg 760w&quot;,&quot;sizes&quot;:&quot;(max-width: 584px) 100vw, 584px&quot;}]\">\n\t<div class=\"item-wrap item-wrap-no-frame h-100\">\n\t\t<div class=\"d-flex flex-column align-items-center h-100\">\n\t\t\t<div class=\"item-header\">\n\t\t\t\t<span class=\"label-featured label me-1\" role=\"status\">Empfohlen<\/span>\t\t\t\t<div class=\"labels-wrap d-flex align-items-center gap-1\" role=\"group\"> \n\n\t<a href=\"https:\/\/kaza-hogar.com\/de\/status\/zu-verkaufen\/\" class=\"label-status label status-color-151\">\n\t\t\t\t\tZu verkaufen\n\t\t\t\t<\/a>       \n\n<\/div>\n\t\t\t\t<ul class=\"item-price-wrap d-flex flex-column gap-2\" role=\"list\">\n\t<li class=\"item-price\"><span class=\"price\">\u20ac1,450,000<\/span><span class=\"price-postfix\"><\/span><\/li><\/ul>\t\t\t\t<ul class=\"item-tools d-flex align-items-center justify-content-center gap-1\">\n        <li class=\"item-tool item-preview\">\n        <span class=\"hz-show-lightbox-js item-tool-preview text-center\" data-listid=\"25966\">\n            <span data-bs-toggle=\"tooltip\" data-bs-placement=\"top\" title=\"Preview\">\n                <i class=\"houzez-icon icon-expand-3\"><\/i>   \n            <\/span>\n        <\/span><!-- item-tool-favorite -->\n    <\/li><!-- item-tool -->\n        \n        <li class=\"item-tool item-favorite\">\n        <span class=\"add-favorite-js item-tool-favorite text-center\" data-bs-toggle=\"tooltip\" data-bs-placement=\"top\" title=\"Favourite\" data-listid=\"25966\">\n            <i class=\"houzez-icon icon-love-it \"><\/i>\n        <\/span><!-- item-tool-favorite -->\n    <\/li><!-- item-tool -->\n    \n        <li class=\"item-tool item-compare\">\n        <span class=\"houzez_compare compare-25966 item-tool-compare text-center\" data-bs-toggle=\"tooltip\" data-bs-placement=\"top\" title=\"Add to Compare\" data-listing_id=\"25966\" data-listing_image=\"https:\/\/kaza-hogar.com\/wp-content\/uploads\/2026\/07\/1-584x438.jpg\">\n            <i class=\"houzez-icon icon-add-circle\"><\/i>\n            <!-- <i class=\"houzez-icon icon-subtract-circle\"><\/i> -->\n        <\/span><!-- item-tool-compare -->\n    <\/li><!-- item-tool -->\n    <\/ul><!-- item-tools -->\n\t\t\t\t<div class=\"listing-image-wrap\">\n\t<div class=\"listing-thumb\">\n\t\t<a target=\"_self\" href=\"https:\/\/kaza-hogar.com\/de\/property\/es-gibt-haeuser-die-zum-wohnen-gebaut-wurden-und-dann-gibt-es-jene-aussergewoehnlich-seltenen-anwesen-die-dazu-bestimmt-sind-teil-der-geschichte-zu-werden\/\" class=\"listing-featured-thumb hover-effect image-wrap\" role=\"link\">\n\t\t\t<img loading=\"lazy\" decoding=\"async\" width=\"584\" height=\"438\" src=\"https:\/\/kaza-hogar.com\/wp-content\/uploads\/2026\/07\/1-584x438.jpg\" class=\"img-fluid wp-post-image\" alt=\"Es gibt H\u00e4user, die zum Wohnen gebaut wurden. Und dann gibt es jene au\u00dfergew\u00f6hnlich seltenen Anwesen, die dazu bestimmt sind, Teil der Geschichte zu werden.\" srcset=\"https:\/\/kaza-hogar.com\/wp-content\/uploads\/2026\/07\/1-584x438.jpg 584w, https:\/\/kaza-hogar.com\/wp-content\/uploads\/2026\/07\/1.jpg 1280w\" sizes=\"(max-width: 584px) 100vw, 584px\" \/>\t\t<\/a><!-- hover-effect -->\n\t<\/div>\n<\/div>\t\t\t\t<div class=\"preview_loader\"><\/div>\n\t\t\t<\/div>\n\t\t\t<div class=\"item-body w-100 flex-grow-1\">\n\t\t\t\t<h2 class=\"item-title mb-2 \">\n\t<a target=\"_self\" href=\"https:\/\/kaza-hogar.com\/de\/property\/es-gibt-haeuser-die-zum-wohnen-gebaut-wurden-und-dann-gibt-es-jene-aussergewoehnlich-seltenen-anwesen-die-dazu-bestimmt-sind-teil-der-geschichte-zu-werden\/\" role=\"link\">Es gibt H\u00e4user, die zum Wohnen gebaut wurden. Und dann gibt es jene au\u00dfergew\u00f6hnlich seltenen Anwesen, die dazu bestimmt sind, Teil der Geschichte zu werden.<\/a>\n<\/h2><!-- item-title -->\t\t\t\t<address class=\"item-address mb-2\"><i class=\"houzez-icon icon-pin me-1\" aria-hidden=\"true\"><\/i><span>La Orotava, Santa Cruz de Tenerife, Canarias, Espa\u00f1a<\/span><\/address>\t\t\t\t\t\t\t\t<ul class=\"item-amenities d-flex flex-wrap align-items-center gap-2 mb-2 item-amenities-with-icons\" role=\"list\">\n\t<li class=\"h-beds d-flex align-items-center me-1\"><i class=\"houzez-icon icon-hotel-double-bed-1 me-2\"><\/i><span class=\"item-amenities-text\">Beds:<\/span> <span class=\"hz-figure\">8<\/span><\/li><li class=\"h-baths d-flex align-items-center me-1\"><i class=\"houzez-icon icon-bathroom-shower-1 me-2\"><\/i><span class=\"item-amenities-text\">Baths:<\/span> <span class=\"hz-figure\">5<\/span><\/li><li class=\"h-area d-flex align-items-center me-1\"><i class=\"houzez-icon icon-ruler-triangle me-2\"><\/i><span class=\"hz-figure me-1\">630<\/span> <span class=\"hz-figure area_postfix\">m\u00b2<\/span><\/li><li class=\"h-type d-flex w-100\" role=\"listitem\"><span>Villa<\/span><\/li><\/ul>\t\t\t\t\t\t\t<\/div>\n\t\t\t\t\t<\/div>\n\t<\/div>\n<\/div><div class=\"item-listing-wrap item-wrap-v1 hz-item-gallery-js hz-map-trigger\" data-hz-id=\"25856\" data-images=\"[{&quot;image&quot;:&quot;https:\\\/\\\/kaza-hogar.com\\\/wp-content\\\/uploads\\\/2026\\\/07\\\/IMG_3442-584x438.jpg&quot;,&quot;alt&quot;:&quot;La santa, lanzarote | baugrundst\\u00fcck in einer der sch\\u00f6nsten lagen der insel&quot;,&quot;width&quot;:584,&quot;height&quot;:438,&quot;srcset&quot;:false,&quot;sizes&quot;:&quot;(max-width: 584px) 100vw, 584px&quot;},{&quot;image&quot;:&quot;https:\\\/\\\/kaza-hogar.com\\\/wp-content\\\/uploads\\\/2026\\\/07\\\/IMG_3442-584x438.jpg&quot;,&quot;alt&quot;:&quot;La santa, lanzarote | baugrundst\\u00fcck in einer der sch\\u00f6nsten lagen der insel&quot;,&quot;width&quot;:584,&quot;height&quot;:438,&quot;srcset&quot;:false,&quot;sizes&quot;:&quot;(max-width: 584px) 100vw, 584px&quot;},{&quot;image&quot;:&quot;https:\\\/\\\/kaza-hogar.com\\\/wp-content\\\/uploads\\\/2026\\\/07\\\/IMG_3443-584x438.jpg&quot;,&quot;alt&quot;:&quot;La santa, lanzarote | baugrundst\\u00fcck in einer der sch\\u00f6nsten lagen der insel&quot;,&quot;width&quot;:584,&quot;height&quot;:438,&quot;srcset&quot;:false,&quot;sizes&quot;:&quot;(max-width: 584px) 100vw, 584px&quot;},{&quot;image&quot;:&quot;https:\\\/\\\/kaza-hogar.com\\\/wp-content\\\/uploads\\\/2026\\\/07\\\/IMG_3444-584x438.jpg&quot;,&quot;alt&quot;:&quot;La santa, lanzarote | baugrundst\\u00fcck in einer der sch\\u00f6nsten lagen der insel&quot;,&quot;width&quot;:584,&quot;height&quot;:438,&quot;srcset&quot;:false,&quot;sizes&quot;:&quot;(max-width: 584px) 100vw, 584px&quot;},{&quot;image&quot;:&quot;https:\\\/\\\/kaza-hogar.com\\\/wp-content\\\/uploads\\\/2026\\\/07\\\/IMG_3445-584x438.jpg&quot;,&quot;alt&quot;:&quot;La santa, lanzarote | baugrundst\\u00fcck in einer der sch\\u00f6nsten lagen der insel&quot;,&quot;width&quot;:584,&quot;height&quot;:438,&quot;srcset&quot;:false,&quot;sizes&quot;:&quot;(max-width: 584px) 100vw, 584px&quot;},{&quot;image&quot;:&quot;https:\\\/\\\/kaza-hogar.com\\\/wp-content\\\/uploads\\\/2026\\\/07\\\/IMG_3446-584x438.jpg&quot;,&quot;alt&quot;:&quot;La santa, lanzarote | baugrundst\\u00fcck in einer der sch\\u00f6nsten lagen der insel&quot;,&quot;width&quot;:584,&quot;height&quot;:438,&quot;srcset&quot;:false,&quot;sizes&quot;:&quot;(max-width: 584px) 100vw, 584px&quot;}]\">\n\t<div class=\"item-wrap item-wrap-no-frame h-100\">\n\t\t<div class=\"d-flex flex-column align-items-center h-100\">\n\t\t\t<div class=\"item-header\">\n\t\t\t\t<span class=\"label-featured label me-1\" role=\"status\">Empfohlen<\/span>\t\t\t\t<div class=\"labels-wrap d-flex align-items-center gap-1\" role=\"group\"> \n\n\t<a href=\"https:\/\/kaza-hogar.com\/de\/status\/zu-verkaufen\/\" class=\"label-status label status-color-151\">\n\t\t\t\t\tZu verkaufen\n\t\t\t\t<\/a>       \n\n<\/div>\n\t\t\t\t<ul class=\"item-price-wrap d-flex flex-column gap-2\" role=\"list\">\n\t<li class=\"item-price\"><span class=\"price\">\u20ac150,000<\/span><span class=\"price-postfix\"><\/span><\/li><\/ul>\t\t\t\t<ul class=\"item-tools d-flex align-items-center justify-content-center gap-1\">\n        <li class=\"item-tool item-preview\">\n        <span class=\"hz-show-lightbox-js item-tool-preview text-center\" data-listid=\"25856\">\n            <span data-bs-toggle=\"tooltip\" data-bs-placement=\"top\" title=\"Preview\">\n                <i class=\"houzez-icon icon-expand-3\"><\/i>   \n            <\/span>\n        <\/span><!-- item-tool-favorite -->\n    <\/li><!-- item-tool -->\n        \n        <li class=\"item-tool item-favorite\">\n        <span class=\"add-favorite-js item-tool-favorite text-center\" data-bs-toggle=\"tooltip\" data-bs-placement=\"top\" title=\"Favourite\" data-listid=\"25856\">\n            <i class=\"houzez-icon icon-love-it \"><\/i>\n        <\/span><!-- item-tool-favorite -->\n    <\/li><!-- item-tool -->\n    \n        <li class=\"item-tool item-compare\">\n        <span class=\"houzez_compare compare-25856 item-tool-compare text-center\" data-bs-toggle=\"tooltip\" data-bs-placement=\"top\" title=\"Add to Compare\" data-listing_id=\"25856\" data-listing_image=\"https:\/\/kaza-hogar.com\/wp-content\/uploads\/2026\/07\/IMG_3442-584x438.jpg\">\n            <i class=\"houzez-icon icon-add-circle\"><\/i>\n            <!-- <i class=\"houzez-icon icon-subtract-circle\"><\/i> -->\n        <\/span><!-- item-tool-compare -->\n    <\/li><!-- item-tool -->\n    <\/ul><!-- item-tools -->\n\t\t\t\t<div class=\"listing-image-wrap\">\n\t<div class=\"listing-thumb\">\n\t\t<a target=\"_self\" href=\"https:\/\/kaza-hogar.com\/de\/property\/la-santa-lanzarote-baugrundstueck-in-einer-der-schoensten-lagen-der-insel\/\" class=\"listing-featured-thumb hover-effect image-wrap\" role=\"link\">\n\t\t\t<img loading=\"lazy\" decoding=\"async\" width=\"584\" height=\"438\" src=\"https:\/\/kaza-hogar.com\/wp-content\/uploads\/2026\/07\/IMG_3442-584x438.jpg\" class=\"img-fluid wp-post-image\" alt=\"La santa, lanzarote | baugrundst\u00fcck in einer der sch\u00f6nsten lagen der insel\" \/>\t\t<\/a><!-- hover-effect -->\n\t<\/div>\n<\/div>\t\t\t\t<div class=\"preview_loader\"><\/div>\n\t\t\t<\/div>\n\t\t\t<div class=\"item-body w-100 flex-grow-1\">\n\t\t\t\t<h2 class=\"item-title mb-2 \">\n\t<a target=\"_self\" href=\"https:\/\/kaza-hogar.com\/de\/property\/la-santa-lanzarote-baugrundstueck-in-einer-der-schoensten-lagen-der-insel\/\" role=\"link\">La santa, lanzarote | baugrundst\u00fcck in einer der sch\u00f6nsten lagen der insel<\/a>\n<\/h2><!-- item-title -->\t\t\t\t<address class=\"item-address mb-2\"><i class=\"houzez-icon icon-pin me-1\" aria-hidden=\"true\"><\/i><span>La Santa, Tinajo, Las Palmas, Canarias, Espa\u00f1a<\/span><\/address>\t\t\t\t\t\t\t\t<ul class=\"item-amenities d-flex flex-wrap align-items-center gap-2 mb-2 item-amenities-with-icons\" role=\"list\">\n\t<li class=\"h-area d-flex align-items-center me-1\"><i class=\"houzez-icon icon-ruler-triangle me-2\"><\/i><span class=\"hz-figure me-1\">90<\/span> <span class=\"hz-figure area_postfix\">m\u00b2<\/span><\/li><li class=\"h-type d-flex w-100\" role=\"listitem\"><span>Grundst\u00fcck<\/span><\/li><\/ul>\t\t\t\t\t\t\t<\/div>\n\t\t\t\t\t<\/div>\n\t<\/div>\n<\/div><div class=\"item-listing-wrap item-wrap-v1 hz-item-gallery-js hz-map-trigger\" data-hz-id=\"25650\" data-images=\"[{&quot;image&quot;:&quot;https:\\\/\\\/kaza-hogar.com\\\/wp-content\\\/uploads\\\/2026\\\/06\\\/Foto-11-06-26-12-41-00-584x438.jpg&quot;,&quot;alt&quot;:&quot;Exklusive Villa mit Meerblick in Parque Holand\\u00e9s \\u2013 Privatsph\\u00e4re, Gro\\u00dfz\\u00fcgigkeit und kanarischer Charme&quot;,&quot;width&quot;:584,&quot;height&quot;:438,&quot;srcset&quot;:&quot;https:\\\/\\\/kaza-hogar.com\\\/wp-content\\\/uploads\\\/2026\\\/06\\\/Foto-11-06-26-12-41-00-584x438.jpg 584w, https:\\\/\\\/kaza-hogar.com\\\/wp-content\\\/uploads\\\/2026\\\/06\\\/Foto-11-06-26-12-41-00.jpg 1280w&quot;,&quot;sizes&quot;:&quot;(max-width: 584px) 100vw, 584px&quot;},{&quot;image&quot;:&quot;https:\\\/\\\/kaza-hogar.com\\\/wp-content\\\/uploads\\\/2026\\\/06\\\/Foto-11-06-26-12-41-00-584x438.jpg&quot;,&quot;alt&quot;:&quot;Exklusive Villa mit Meerblick in Parque Holand\\u00e9s \\u2013 Privatsph\\u00e4re, Gro\\u00dfz\\u00fcgigkeit und kanarischer Charme&quot;,&quot;width&quot;:584,&quot;height&quot;:438,&quot;srcset&quot;:&quot;https:\\\/\\\/kaza-hogar.com\\\/wp-content\\\/uploads\\\/2026\\\/06\\\/Foto-11-06-26-12-41-00-584x438.jpg 584w, https:\\\/\\\/kaza-hogar.com\\\/wp-content\\\/uploads\\\/2026\\\/06\\\/Foto-11-06-26-12-41-00.jpg 1280w&quot;,&quot;sizes&quot;:&quot;(max-width: 584px) 100vw, 584px&quot;},{&quot;image&quot;:&quot;https:\\\/\\\/kaza-hogar.com\\\/wp-content\\\/uploads\\\/2026\\\/06\\\/Foto-11-06-26-12-45-34-1-584x438.jpg&quot;,&quot;alt&quot;:&quot;Exklusive Villa mit Meerblick in Parque Holand\\u00e9s \\u2013 Privatsph\\u00e4re, Gro\\u00dfz\\u00fcgigkeit und kanarischer Charme&quot;,&quot;width&quot;:584,&quot;height&quot;:438,&quot;srcset&quot;:&quot;https:\\\/\\\/kaza-hogar.com\\\/wp-content\\\/uploads\\\/2026\\\/06\\\/Foto-11-06-26-12-45-34-1-584x438.jpg 584w, https:\\\/\\\/kaza-hogar.com\\\/wp-content\\\/uploads\\\/2026\\\/06\\\/Foto-11-06-26-12-45-34-1.jpg 1280w&quot;,&quot;sizes&quot;:&quot;(max-width: 584px) 100vw, 584px&quot;},{&quot;image&quot;:&quot;https:\\\/\\\/kaza-hogar.com\\\/wp-content\\\/uploads\\\/2026\\\/06\\\/Foto-11-06-26-12-35-01-584x438.jpg&quot;,&quot;alt&quot;:&quot;Exklusive Villa mit Meerblick in Parque Holand\\u00e9s \\u2013 Privatsph\\u00e4re, Gro\\u00dfz\\u00fcgigkeit und kanarischer Charme&quot;,&quot;width&quot;:584,&quot;height&quot;:438,&quot;srcset&quot;:false,&quot;sizes&quot;:&quot;(max-width: 584px) 100vw, 584px&quot;},{&quot;image&quot;:&quot;https:\\\/\\\/kaza-hogar.com\\\/wp-content\\\/uploads\\\/2026\\\/06\\\/Foto-11-06-26-12-29-42-584x438.jpg&quot;,&quot;alt&quot;:&quot;Exklusive Villa mit Meerblick in Parque Holand\\u00e9s \\u2013 Privatsph\\u00e4re, Gro\\u00dfz\\u00fcgigkeit und kanarischer Charme&quot;,&quot;width&quot;:584,&quot;height&quot;:438,&quot;srcset&quot;:&quot;https:\\\/\\\/kaza-hogar.com\\\/wp-content\\\/uploads\\\/2026\\\/06\\\/Foto-11-06-26-12-29-42-584x438.jpg 584w, https:\\\/\\\/kaza-hogar.com\\\/wp-content\\\/uploads\\\/2026\\\/06\\\/Foto-11-06-26-12-29-42.jpg 1280w&quot;,&quot;sizes&quot;:&quot;(max-width: 584px) 100vw, 584px&quot;},{&quot;image&quot;:&quot;https:\\\/\\\/kaza-hogar.com\\\/wp-content\\\/uploads\\\/2026\\\/06\\\/Foto-11-06-26-12-30-04-584x438.jpg&quot;,&quot;alt&quot;:&quot;Exklusive Villa mit Meerblick in Parque Holand\\u00e9s \\u2013 Privatsph\\u00e4re, Gro\\u00dfz\\u00fcgigkeit und kanarischer Charme&quot;,&quot;width&quot;:584,&quot;height&quot;:438,&quot;srcset&quot;:&quot;https:\\\/\\\/kaza-hogar.com\\\/wp-content\\\/uploads\\\/2026\\\/06\\\/Foto-11-06-26-12-30-04-584x438.jpg 584w, https:\\\/\\\/kaza-hogar.com\\\/wp-content\\\/uploads\\\/2026\\\/06\\\/Foto-11-06-26-12-30-04.jpg 1280w&quot;,&quot;sizes&quot;:&quot;(max-width: 584px) 100vw, 584px&quot;},{&quot;image&quot;:&quot;https:\\\/\\\/kaza-hogar.com\\\/wp-content\\\/uploads\\\/2026\\\/06\\\/Foto-11-06-26-12-30-15-584x438.jpg&quot;,&quot;alt&quot;:&quot;Exklusive Villa mit Meerblick in Parque Holand\\u00e9s \\u2013 Privatsph\\u00e4re, Gro\\u00dfz\\u00fcgigkeit und kanarischer Charme&quot;,&quot;width&quot;:584,&quot;height&quot;:438,&quot;srcset&quot;:false,&quot;sizes&quot;:&quot;(max-width: 584px) 100vw, 584px&quot;},{&quot;image&quot;:&quot;https:\\\/\\\/kaza-hogar.com\\\/wp-content\\\/uploads\\\/2026\\\/06\\\/Foto-11-06-26-12-30-34-584x438.jpg&quot;,&quot;alt&quot;:&quot;Exklusive Villa mit Meerblick in Parque Holand\\u00e9s \\u2013 Privatsph\\u00e4re, Gro\\u00dfz\\u00fcgigkeit und kanarischer Charme&quot;,&quot;width&quot;:584,&quot;height&quot;:438,&quot;srcset&quot;:&quot;https:\\\/\\\/kaza-hogar.com\\\/wp-content\\\/uploads\\\/2026\\\/06\\\/Foto-11-06-26-12-30-34-584x438.jpg 584w, https:\\\/\\\/kaza-hogar.com\\\/wp-content\\\/uploads\\\/2026\\\/06\\\/Foto-11-06-26-12-30-34.jpg 1280w&quot;,&quot;sizes&quot;:&quot;(max-width: 584px) 100vw, 584px&quot;},{&quot;image&quot;:&quot;https:\\\/\\\/kaza-hogar.com\\\/wp-content\\\/uploads\\\/2026\\\/06\\\/Foto-11-06-26-12-31-58-584x438.jpg&quot;,&quot;alt&quot;:&quot;Exklusive Villa mit Meerblick in Parque Holand\\u00e9s \\u2013 Privatsph\\u00e4re, Gro\\u00dfz\\u00fcgigkeit und kanarischer Charme&quot;,&quot;width&quot;:584,&quot;height&quot;:438,&quot;srcset&quot;:false,&quot;sizes&quot;:&quot;(max-width: 584px) 100vw, 584px&quot;},{&quot;image&quot;:&quot;https:\\\/\\\/kaza-hogar.com\\\/wp-content\\\/uploads\\\/2026\\\/06\\\/Foto-11-06-26-12-32-38-584x438.jpg&quot;,&quot;alt&quot;:&quot;Exklusive Villa mit Meerblick in Parque Holand\\u00e9s \\u2013 Privatsph\\u00e4re, Gro\\u00dfz\\u00fcgigkeit und kanarischer Charme&quot;,&quot;width&quot;:584,&quot;height&quot;:438,&quot;srcset&quot;:false,&quot;sizes&quot;:&quot;(max-width: 584px) 100vw, 584px&quot;}]\">\n\t<div class=\"item-wrap item-wrap-no-frame h-100\">\n\t\t<div class=\"d-flex flex-column align-items-center h-100\">\n\t\t\t<div class=\"item-header\">\n\t\t\t\t<span class=\"label-featured label me-1\" role=\"status\">Empfohlen<\/span>\t\t\t\t<div class=\"labels-wrap d-flex align-items-center gap-1\" role=\"group\"> \n\n\t<a href=\"https:\/\/kaza-hogar.com\/de\/status\/zu-verkaufen\/\" class=\"label-status label status-color-151\">\n\t\t\t\t\tZu verkaufen\n\t\t\t\t<\/a>       \n\n<\/div>\n\t\t\t\t<ul class=\"item-price-wrap d-flex flex-column gap-2\" role=\"list\">\n\t<li class=\"item-price\"><span class=\"price\">\u20ac550,000<\/span><span class=\"price-postfix\"><\/span><\/li><\/ul>\t\t\t\t<ul class=\"item-tools d-flex align-items-center justify-content-center gap-1\">\n        <li class=\"item-tool item-preview\">\n        <span class=\"hz-show-lightbox-js item-tool-preview text-center\" data-listid=\"25650\">\n            <span data-bs-toggle=\"tooltip\" data-bs-placement=\"top\" title=\"Preview\">\n                <i class=\"houzez-icon icon-expand-3\"><\/i>   \n            <\/span>\n        <\/span><!-- item-tool-favorite -->\n    <\/li><!-- item-tool -->\n        \n        <li class=\"item-tool item-favorite\">\n        <span class=\"add-favorite-js item-tool-favorite text-center\" data-bs-toggle=\"tooltip\" data-bs-placement=\"top\" title=\"Favourite\" data-listid=\"25650\">\n            <i class=\"houzez-icon icon-love-it \"><\/i>\n        <\/span><!-- item-tool-favorite -->\n    <\/li><!-- item-tool -->\n    \n        <li class=\"item-tool item-compare\">\n        <span class=\"houzez_compare compare-25650 item-tool-compare text-center\" data-bs-toggle=\"tooltip\" data-bs-placement=\"top\" title=\"Add to Compare\" data-listing_id=\"25650\" data-listing_image=\"https:\/\/kaza-hogar.com\/wp-content\/uploads\/2026\/06\/Foto-11-06-26-12-41-00-584x438.jpg\">\n            <i class=\"houzez-icon icon-add-circle\"><\/i>\n            <!-- <i class=\"houzez-icon icon-subtract-circle\"><\/i> -->\n        <\/span><!-- item-tool-compare -->\n    <\/li><!-- item-tool -->\n    <\/ul><!-- item-tools -->\n\t\t\t\t<div class=\"listing-image-wrap\">\n\t<div class=\"listing-thumb\">\n\t\t<a target=\"_self\" href=\"https:\/\/kaza-hogar.com\/de\/property\/exklusive-villa-mit-meerblick-in-parque-holandes-privatsphaere-grosszuegigkeit-und-kanarischer-charme\/\" class=\"listing-featured-thumb hover-effect image-wrap\" role=\"link\">\n\t\t\t<img loading=\"lazy\" decoding=\"async\" width=\"584\" height=\"438\" src=\"https:\/\/kaza-hogar.com\/wp-content\/uploads\/2026\/06\/Foto-11-06-26-12-41-00-584x438.jpg\" class=\"img-fluid wp-post-image\" alt=\"Exklusive Villa mit Meerblick in Parque Holand\u00e9s \u2013 Privatsph\u00e4re, Gro\u00dfz\u00fcgigkeit und kanarischer Charme\" srcset=\"https:\/\/kaza-hogar.com\/wp-content\/uploads\/2026\/06\/Foto-11-06-26-12-41-00-584x438.jpg 584w, https:\/\/kaza-hogar.com\/wp-content\/uploads\/2026\/06\/Foto-11-06-26-12-41-00.jpg 1280w\" sizes=\"(max-width: 584px) 100vw, 584px\" \/>\t\t<\/a><!-- hover-effect -->\n\t<\/div>\n<\/div>\t\t\t\t<div class=\"preview_loader\"><\/div>\n\t\t\t<\/div>\n\t\t\t<div class=\"item-body w-100 flex-grow-1\">\n\t\t\t\t<h2 class=\"item-title mb-2 \">\n\t<a target=\"_self\" href=\"https:\/\/kaza-hogar.com\/de\/property\/exklusive-villa-mit-meerblick-in-parque-holandes-privatsphaere-grosszuegigkeit-und-kanarischer-charme\/\" role=\"link\">Exklusive Villa mit Meerblick in Parque Holand\u00e9s \u2013 Privatsph\u00e4re, Gro\u00dfz\u00fcgigkeit und kanarischer Charme<\/a>\n<\/h2><!-- item-title -->\t\t\t\t<address class=\"item-address mb-2\"><i class=\"houzez-icon icon-pin me-1\" aria-hidden=\"true\"><\/i><span>Parque Holand\u00e9s, La Oliva, Las Palmas, Canarias, 35600, Espa\u00f1a<\/span><\/address>\t\t\t\t\t\t\t\t<ul class=\"item-amenities d-flex flex-wrap align-items-center gap-2 mb-2 item-amenities-with-icons\" role=\"list\">\n\t<li class=\"h-beds d-flex align-items-center me-1\"><i class=\"houzez-icon icon-hotel-double-bed-1 me-2\"><\/i><span class=\"item-amenities-text\">Beds:<\/span> <span class=\"hz-figure\">2<\/span><\/li><li class=\"h-baths d-flex align-items-center me-1\"><i class=\"houzez-icon icon-bathroom-shower-1 me-2\"><\/i><span class=\"item-amenities-text\">Baths:<\/span> <span class=\"hz-figure\">2<\/span><\/li><li class=\"h-area d-flex align-items-center me-1\"><i class=\"houzez-icon icon-ruler-triangle me-2\"><\/i><span class=\"hz-figure me-1\">137<\/span> <span class=\"hz-figure area_postfix\">m\u00b2<\/span><\/li><li class=\"h-type d-flex w-100\" role=\"listitem\"><span>Villa<\/span><\/li><\/ul>\t\t\t\t\t\t\t<\/div>\n\t\t\t\t\t<\/div>\n\t<\/div>\n<\/div><div class=\"item-listing-wrap item-wrap-v1 hz-item-gallery-js hz-map-trigger\" data-hz-id=\"25521\" data-images=\"[{&quot;image&quot;:&quot;https:\\\/\\\/kaza-hogar.com\\\/wp-content\\\/uploads\\\/2026\\\/06\\\/Foto-05-06-26-14-02-38-3-584x438.jpg&quot;,&quot;alt&quot;:&quot;Einmalige Gesch\\u00e4ftsm\\u00f6glichkeit in Corralejo: Etabliertes Massagezentrum zu \\u00fcbernehmen&quot;,&quot;width&quot;:584,&quot;height&quot;:438,&quot;srcset&quot;:false,&quot;sizes&quot;:&quot;(max-width: 584px) 100vw, 584px&quot;},{&quot;image&quot;:&quot;https:\\\/\\\/kaza-hogar.com\\\/wp-content\\\/uploads\\\/2026\\\/06\\\/Foto-05-06-26-14-02-38-3-584x438.jpg&quot;,&quot;alt&quot;:&quot;Einmalige Gesch\\u00e4ftsm\\u00f6glichkeit in Corralejo: Etabliertes Massagezentrum zu \\u00fcbernehmen&quot;,&quot;width&quot;:584,&quot;height&quot;:438,&quot;srcset&quot;:false,&quot;sizes&quot;:&quot;(max-width: 584px) 100vw, 584px&quot;},{&quot;image&quot;:&quot;https:\\\/\\\/kaza-hogar.com\\\/wp-content\\\/uploads\\\/2026\\\/06\\\/Foto-05-06-26-14-02-38-1-584x438.jpg&quot;,&quot;alt&quot;:&quot;Einmalige Gesch\\u00e4ftsm\\u00f6glichkeit in Corralejo: Etabliertes Massagezentrum zu \\u00fcbernehmen&quot;,&quot;width&quot;:584,&quot;height&quot;:438,&quot;srcset&quot;:false,&quot;sizes&quot;:&quot;(max-width: 584px) 100vw, 584px&quot;},{&quot;image&quot;:&quot;https:\\\/\\\/kaza-hogar.com\\\/wp-content\\\/uploads\\\/2026\\\/06\\\/Foto-05-06-26-14-02-39-1-584x438.jpg&quot;,&quot;alt&quot;:&quot;Einmalige Gesch\\u00e4ftsm\\u00f6glichkeit in Corralejo: Etabliertes Massagezentrum zu \\u00fcbernehmen&quot;,&quot;width&quot;:584,&quot;height&quot;:438,&quot;srcset&quot;:false,&quot;sizes&quot;:&quot;(max-width: 584px) 100vw, 584px&quot;},{&quot;image&quot;:&quot;https:\\\/\\\/kaza-hogar.com\\\/wp-content\\\/uploads\\\/2026\\\/06\\\/Foto-05-06-26-14-02-36-1-584x438.jpg&quot;,&quot;alt&quot;:&quot;Einmalige Gesch\\u00e4ftsm\\u00f6glichkeit in Corralejo: Etabliertes Massagezentrum zu \\u00fcbernehmen&quot;,&quot;width&quot;:584,&quot;height&quot;:438,&quot;srcset&quot;:false,&quot;sizes&quot;:&quot;(max-width: 584px) 100vw, 584px&quot;},{&quot;image&quot;:&quot;https:\\\/\\\/kaza-hogar.com\\\/wp-content\\\/uploads\\\/2026\\\/06\\\/Foto-05-06-26-14-02-36-584x438.jpg&quot;,&quot;alt&quot;:&quot;Einmalige Gesch\\u00e4ftsm\\u00f6glichkeit in Corralejo: Etabliertes Massagezentrum zu \\u00fcbernehmen&quot;,&quot;width&quot;:584,&quot;height&quot;:438,&quot;srcset&quot;:false,&quot;sizes&quot;:&quot;(max-width: 584px) 100vw, 584px&quot;},{&quot;image&quot;:&quot;https:\\\/\\\/kaza-hogar.com\\\/wp-content\\\/uploads\\\/2026\\\/06\\\/Foto-05-06-26-14-02-37-1-584x438.jpg&quot;,&quot;alt&quot;:&quot;Einmalige Gesch\\u00e4ftsm\\u00f6glichkeit in Corralejo: Etabliertes Massagezentrum zu \\u00fcbernehmen&quot;,&quot;width&quot;:584,&quot;height&quot;:438,&quot;srcset&quot;:false,&quot;sizes&quot;:&quot;(max-width: 584px) 100vw, 584px&quot;},{&quot;image&quot;:&quot;https:\\\/\\\/kaza-hogar.com\\\/wp-content\\\/uploads\\\/2026\\\/06\\\/Foto-05-06-26-14-02-37-2-584x438.jpg&quot;,&quot;alt&quot;:&quot;Einmalige Gesch\\u00e4ftsm\\u00f6glichkeit in Corralejo: Etabliertes Massagezentrum zu \\u00fcbernehmen&quot;,&quot;width&quot;:584,&quot;height&quot;:438,&quot;srcset&quot;:false,&quot;sizes&quot;:&quot;(max-width: 584px) 100vw, 584px&quot;},{&quot;image&quot;:&quot;https:\\\/\\\/kaza-hogar.com\\\/wp-content\\\/uploads\\\/2026\\\/06\\\/Foto-05-06-26-14-02-37-584x438.jpg&quot;,&quot;alt&quot;:&quot;Einmalige Gesch\\u00e4ftsm\\u00f6glichkeit in Corralejo: Etabliertes Massagezentrum zu \\u00fcbernehmen&quot;,&quot;width&quot;:584,&quot;height&quot;:438,&quot;srcset&quot;:false,&quot;sizes&quot;:&quot;(max-width: 584px) 100vw, 584px&quot;},{&quot;image&quot;:&quot;https:\\\/\\\/kaza-hogar.com\\\/wp-content\\\/uploads\\\/2026\\\/06\\\/Foto-05-06-26-14-02-38-2-584x438.jpg&quot;,&quot;alt&quot;:&quot;Einmalige Gesch\\u00e4ftsm\\u00f6glichkeit in Corralejo: Etabliertes Massagezentrum zu \\u00fcbernehmen&quot;,&quot;width&quot;:584,&quot;height&quot;:438,&quot;srcset&quot;:false,&quot;sizes&quot;:&quot;(max-width: 584px) 100vw, 584px&quot;}]\">\n\t<div class=\"item-wrap item-wrap-no-frame h-100\">\n\t\t<div class=\"d-flex flex-column align-items-center h-100\">\n\t\t\t<div class=\"item-header\">\n\t\t\t\t\t\t\t\t<div class=\"labels-wrap d-flex align-items-center gap-1\" role=\"group\"> \n\n\t<a href=\"https:\/\/kaza-hogar.com\/de\/status\/zu-verkaufen\/\" class=\"label-status label status-color-151\">\n\t\t\t\t\tZu verkaufen\n\t\t\t\t<\/a>       \n\n<\/div>\n\t\t\t\t<ul class=\"item-price-wrap d-flex flex-column gap-2\" role=\"list\">\n\t<li class=\"item-price\"><span class=\"price\">\u20ac35,000<\/span><span class=\"price-postfix\"><\/span><\/li><\/ul>\t\t\t\t<ul class=\"item-tools d-flex align-items-center justify-content-center gap-1\">\n        <li class=\"item-tool item-preview\">\n        <span class=\"hz-show-lightbox-js item-tool-preview text-center\" data-listid=\"25521\">\n            <span data-bs-toggle=\"tooltip\" data-bs-placement=\"top\" title=\"Preview\">\n                <i class=\"houzez-icon icon-expand-3\"><\/i>   \n            <\/span>\n        <\/span><!-- item-tool-favorite -->\n    <\/li><!-- item-tool -->\n        \n        <li class=\"item-tool item-favorite\">\n        <span class=\"add-favorite-js item-tool-favorite text-center\" data-bs-toggle=\"tooltip\" data-bs-placement=\"top\" title=\"Favourite\" data-listid=\"25521\">\n            <i class=\"houzez-icon icon-love-it \"><\/i>\n        <\/span><!-- item-tool-favorite -->\n    <\/li><!-- item-tool -->\n    \n        <li class=\"item-tool item-compare\">\n        <span class=\"houzez_compare compare-25521 item-tool-compare text-center\" data-bs-toggle=\"tooltip\" data-bs-placement=\"top\" title=\"Add to Compare\" data-listing_id=\"25521\" data-listing_image=\"https:\/\/kaza-hogar.com\/wp-content\/uploads\/2026\/06\/Foto-05-06-26-14-02-38-3-584x438.jpg\">\n            <i class=\"houzez-icon icon-add-circle\"><\/i>\n            <!-- <i class=\"houzez-icon icon-subtract-circle\"><\/i> -->\n        <\/span><!-- item-tool-compare -->\n    <\/li><!-- item-tool -->\n    <\/ul><!-- item-tools -->\n\t\t\t\t<div class=\"listing-image-wrap\">\n\t<div class=\"listing-thumb\">\n\t\t<a target=\"_self\" href=\"https:\/\/kaza-hogar.com\/de\/property\/einmalige-geschaeftsmoeglichkeit-in-corralejo-etabliertes-massagezentrum-zu-uebernehmen\/\" class=\"listing-featured-thumb hover-effect image-wrap\" role=\"link\">\n\t\t\t<img loading=\"lazy\" decoding=\"async\" width=\"584\" height=\"438\" src=\"https:\/\/kaza-hogar.com\/wp-content\/uploads\/2026\/06\/Foto-05-06-26-14-02-38-3-584x438.jpg\" class=\"img-fluid wp-post-image\" alt=\"Einmalige Gesch\u00e4ftsm\u00f6glichkeit in Corralejo: Etabliertes Massagezentrum zu \u00fcbernehmen\" \/>\t\t<\/a><!-- hover-effect -->\n\t<\/div>\n<\/div>\t\t\t\t<div class=\"preview_loader\"><\/div>\n\t\t\t<\/div>\n\t\t\t<div class=\"item-body w-100 flex-grow-1\">\n\t\t\t\t<h2 class=\"item-title mb-2 \">\n\t<a target=\"_self\" href=\"https:\/\/kaza-hogar.com\/de\/property\/einmalige-geschaeftsmoeglichkeit-in-corralejo-etabliertes-massagezentrum-zu-uebernehmen\/\" role=\"link\">Einmalige Gesch\u00e4ftsm\u00f6glichkeit in Corralejo: Etabliertes Massagezentrum zu \u00fcbernehmen<\/a>\n<\/h2><!-- item-title -->\t\t\t\t<address class=\"item-address mb-2\"><i class=\"houzez-icon icon-pin me-1\" aria-hidden=\"true\"><\/i><span>Fuentepark Apartments, 1, Calle Anguila, Corralejo, La Oliva, Las Palmas, Canarias, 35660, Espa\u00f1a<\/span><\/address>\t\t\t\t\t\t\t\t<ul class=\"item-amenities d-flex flex-wrap align-items-center gap-2 mb-2 item-amenities-with-icons\" role=\"list\">\n\t<li class=\"h-beds d-flex align-items-center me-1\"><i class=\"houzez-icon icon-hotel-double-bed-1 me-2\"><\/i><span class=\"item-amenities-text\">Beds:<\/span> <span class=\"hz-figure\">5<\/span><\/li><li class=\"h-baths d-flex align-items-center me-1\"><i class=\"houzez-icon icon-bathroom-shower-1 me-2\"><\/i><span class=\"item-amenities-text\">Baths:<\/span> <span class=\"hz-figure\">2<\/span><\/li><li class=\"h-area d-flex align-items-center me-1\"><i class=\"houzez-icon icon-ruler-triangle me-2\"><\/i><span class=\"hz-figure me-1\">260<\/span> <span class=\"hz-figure area_postfix\">m\u00b2<\/span><\/li><li class=\"h-type d-flex w-100\" role=\"listitem\"><span>Gewerbe<\/span><\/li><\/ul>\t\t\t\t\t\t\t<\/div>\n\t\t\t\t\t<\/div>\n\t<\/div>\n<\/div><div class=\"item-listing-wrap item-wrap-v1 hz-item-gallery-js hz-map-trigger\" data-hz-id=\"25403\" data-images=\"[{&quot;image&quot;:&quot;https:\\\/\\\/kaza-hogar.com\\\/wp-content\\\/uploads\\\/2026\\\/06\\\/3aw2junkvsn_MOR0000051764-C-584x438.webp&quot;,&quot;alt&quot;:&quot;Hervorragende Gelegenheit in Arrecife, nur wenige Minuten vom Playa del Reducto entfernt&quot;,&quot;width&quot;:584,&quot;height&quot;:438,&quot;srcset&quot;:&quot;https:\\\/\\\/kaza-hogar.com\\\/wp-content\\\/uploads\\\/2026\\\/06\\\/3aw2junkvsn_MOR0000051764-C-584x438.webp 584w, https:\\\/\\\/kaza-hogar.com\\\/wp-content\\\/uploads\\\/2026\\\/06\\\/3aw2junkvsn_MOR0000051764-C.webp 960w&quot;,&quot;sizes&quot;:&quot;(max-width: 584px) 100vw, 584px&quot;},{&quot;image&quot;:&quot;https:\\\/\\\/kaza-hogar.com\\\/wp-content\\\/uploads\\\/2026\\\/06\\\/3aw2junkvsn_MOR0000051764-C-584x438.webp&quot;,&quot;alt&quot;:&quot;Hervorragende Gelegenheit in Arrecife, nur wenige Minuten vom Playa del Reducto entfernt&quot;,&quot;width&quot;:584,&quot;height&quot;:438,&quot;srcset&quot;:&quot;https:\\\/\\\/kaza-hogar.com\\\/wp-content\\\/uploads\\\/2026\\\/06\\\/3aw2junkvsn_MOR0000051764-C-584x438.webp 584w, https:\\\/\\\/kaza-hogar.com\\\/wp-content\\\/uploads\\\/2026\\\/06\\\/3aw2junkvsn_MOR0000051764-C.webp 960w&quot;,&quot;sizes&quot;:&quot;(max-width: 584px) 100vw, 584px&quot;},{&quot;image&quot;:&quot;https:\\\/\\\/kaza-hogar.com\\\/wp-content\\\/uploads\\\/2026\\\/06\\\/Foto-04-06-26-14-24-18-5-584x438.jpg&quot;,&quot;alt&quot;:&quot;Hervorragende Gelegenheit in Arrecife, nur wenige Minuten vom Playa del Reducto entfernt&quot;,&quot;width&quot;:584,&quot;height&quot;:438,&quot;srcset&quot;:false,&quot;sizes&quot;:&quot;(max-width: 584px) 100vw, 584px&quot;},{&quot;image&quot;:&quot;https:\\\/\\\/kaza-hogar.com\\\/wp-content\\\/uploads\\\/2026\\\/06\\\/gfk95fsh1u_MOR0000051764-F-584x438.webp&quot;,&quot;alt&quot;:&quot;Hervorragende Gelegenheit in Arrecife, nur wenige Minuten vom Playa del Reducto entfernt&quot;,&quot;width&quot;:584,&quot;height&quot;:438,&quot;srcset&quot;:&quot;https:\\\/\\\/kaza-hogar.com\\\/wp-content\\\/uploads\\\/2026\\\/06\\\/gfk95fsh1u_MOR0000051764-F-584x438.webp 584w, https:\\\/\\\/kaza-hogar.com\\\/wp-content\\\/uploads\\\/2026\\\/06\\\/gfk95fsh1u_MOR0000051764-F.webp 960w&quot;,&quot;sizes&quot;:&quot;(max-width: 584px) 100vw, 584px&quot;},{&quot;image&quot;:&quot;https:\\\/\\\/kaza-hogar.com\\\/wp-content\\\/uploads\\\/2026\\\/06\\\/Foto-04-06-26-14-24-17-1-584x438.jpg&quot;,&quot;alt&quot;:&quot;Hervorragende Gelegenheit in Arrecife, nur wenige Minuten vom Playa del Reducto entfernt&quot;,&quot;width&quot;:584,&quot;height&quot;:438,&quot;srcset&quot;:false,&quot;sizes&quot;:&quot;(max-width: 584px) 100vw, 584px&quot;},{&quot;image&quot;:&quot;https:\\\/\\\/kaza-hogar.com\\\/wp-content\\\/uploads\\\/2026\\\/06\\\/Foto-04-06-26-14-24-18-1-1-584x438.jpg&quot;,&quot;alt&quot;:&quot;Hervorragende Gelegenheit in Arrecife, nur wenige Minuten vom Playa del Reducto entfernt&quot;,&quot;width&quot;:584,&quot;height&quot;:438,&quot;srcset&quot;:false,&quot;sizes&quot;:&quot;(max-width: 584px) 100vw, 584px&quot;},{&quot;image&quot;:&quot;https:\\\/\\\/kaza-hogar.com\\\/wp-content\\\/uploads\\\/2026\\\/06\\\/Foto-04-06-26-14-24-18-2-1-1-584x438.jpg&quot;,&quot;alt&quot;:&quot;Hervorragende Gelegenheit in Arrecife, nur wenige Minuten vom Playa del Reducto entfernt&quot;,&quot;width&quot;:584,&quot;height&quot;:438,&quot;srcset&quot;:false,&quot;sizes&quot;:&quot;(max-width: 584px) 100vw, 584px&quot;},{&quot;image&quot;:&quot;https:\\\/\\\/kaza-hogar.com\\\/wp-content\\\/uploads\\\/2026\\\/06\\\/Foto-04-06-26-14-24-18-2-2-584x438.jpg&quot;,&quot;alt&quot;:&quot;Hervorragende Gelegenheit in Arrecife, nur wenige Minuten vom Playa del Reducto entfernt&quot;,&quot;width&quot;:584,&quot;height&quot;:438,&quot;srcset&quot;:false,&quot;sizes&quot;:&quot;(max-width: 584px) 100vw, 584px&quot;},{&quot;image&quot;:&quot;https:\\\/\\\/kaza-hogar.com\\\/wp-content\\\/uploads\\\/2026\\\/06\\\/Foto-04-06-26-14-24-18-3-1-584x438.jpg&quot;,&quot;alt&quot;:&quot;Hervorragende Gelegenheit in Arrecife, nur wenige Minuten vom Playa del Reducto entfernt&quot;,&quot;width&quot;:584,&quot;height&quot;:438,&quot;srcset&quot;:false,&quot;sizes&quot;:&quot;(max-width: 584px) 100vw, 584px&quot;},{&quot;image&quot;:&quot;https:\\\/\\\/kaza-hogar.com\\\/wp-content\\\/uploads\\\/2026\\\/06\\\/Foto-04-06-26-14-24-18-4-1-584x438.jpg&quot;,&quot;alt&quot;:&quot;Hervorragende Gelegenheit in Arrecife, nur wenige Minuten vom Playa del Reducto entfernt&quot;,&quot;width&quot;:584,&quot;height&quot;:438,&quot;srcset&quot;:false,&quot;sizes&quot;:&quot;(max-width: 584px) 100vw, 584px&quot;}]\">\n\t<div class=\"item-wrap item-wrap-no-frame h-100\">\n\t\t<div class=\"d-flex flex-column align-items-center h-100\">\n\t\t\t<div class=\"item-header\">\n\t\t\t\t<span class=\"label-featured label me-1\" role=\"status\">Empfohlen<\/span>\t\t\t\t<div class=\"labels-wrap d-flex align-items-center gap-1\" role=\"group\"> \n\n\t<a href=\"https:\/\/kaza-hogar.com\/de\/status\/zu-verkaufen\/\" class=\"label-status label status-color-151\">\n\t\t\t\t\tZu verkaufen\n\t\t\t\t<\/a>       \n\n<\/div>\n\t\t\t\t<ul class=\"item-price-wrap d-flex flex-column gap-2\" role=\"list\">\n\t<li class=\"item-price\"><span class=\"price\">\u20ac289,000<\/span><span class=\"price-postfix\"><\/span><\/li><\/ul>\t\t\t\t<ul class=\"item-tools d-flex align-items-center justify-content-center gap-1\">\n        <li class=\"item-tool item-preview\">\n        <span class=\"hz-show-lightbox-js item-tool-preview text-center\" data-listid=\"25403\">\n            <span data-bs-toggle=\"tooltip\" data-bs-placement=\"top\" title=\"Preview\">\n                <i class=\"houzez-icon icon-expand-3\"><\/i>   \n            <\/span>\n        <\/span><!-- item-tool-favorite -->\n    <\/li><!-- item-tool -->\n        \n        <li class=\"item-tool item-favorite\">\n        <span class=\"add-favorite-js item-tool-favorite text-center\" data-bs-toggle=\"tooltip\" data-bs-placement=\"top\" title=\"Favourite\" data-listid=\"25403\">\n            <i class=\"houzez-icon icon-love-it \"><\/i>\n        <\/span><!-- item-tool-favorite -->\n    <\/li><!-- item-tool -->\n    \n        <li class=\"item-tool item-compare\">\n        <span class=\"houzez_compare compare-25403 item-tool-compare text-center\" data-bs-toggle=\"tooltip\" data-bs-placement=\"top\" title=\"Add to Compare\" data-listing_id=\"25403\" data-listing_image=\"https:\/\/kaza-hogar.com\/wp-content\/uploads\/2026\/06\/3aw2junkvsn_MOR0000051764-C-584x438.webp\">\n            <i class=\"houzez-icon icon-add-circle\"><\/i>\n            <!-- <i class=\"houzez-icon icon-subtract-circle\"><\/i> -->\n        <\/span><!-- item-tool-compare -->\n    <\/li><!-- item-tool -->\n    <\/ul><!-- item-tools -->\n\t\t\t\t<div class=\"listing-image-wrap\">\n\t<div class=\"listing-thumb\">\n\t\t<a target=\"_self\" href=\"https:\/\/kaza-hogar.com\/de\/property\/hervorragende-gelegenheit-in-arrecife-nur-wenige-minuten-vom-playa-del-reducto-entfernt\/\" class=\"listing-featured-thumb hover-effect image-wrap\" role=\"link\">\n\t\t\t<img loading=\"lazy\" decoding=\"async\" width=\"584\" height=\"438\" src=\"https:\/\/kaza-hogar.com\/wp-content\/uploads\/2026\/06\/3aw2junkvsn_MOR0000051764-C-584x438.webp\" class=\"img-fluid wp-post-image\" alt=\"Hervorragende Gelegenheit in Arrecife, nur wenige Minuten vom Playa del Reducto entfernt\" srcset=\"https:\/\/kaza-hogar.com\/wp-content\/uploads\/2026\/06\/3aw2junkvsn_MOR0000051764-C-584x438.webp 584w, https:\/\/kaza-hogar.com\/wp-content\/uploads\/2026\/06\/3aw2junkvsn_MOR0000051764-C.webp 960w\" sizes=\"(max-width: 584px) 100vw, 584px\" \/>\t\t<\/a><!-- hover-effect -->\n\t<\/div>\n<\/div>\t\t\t\t<div class=\"preview_loader\"><\/div>\n\t\t\t<\/div>\n\t\t\t<div class=\"item-body w-100 flex-grow-1\">\n\t\t\t\t<h2 class=\"item-title mb-2 \">\n\t<a target=\"_self\" href=\"https:\/\/kaza-hogar.com\/de\/property\/hervorragende-gelegenheit-in-arrecife-nur-wenige-minuten-vom-playa-del-reducto-entfernt\/\" role=\"link\">Hervorragende Gelegenheit in Arrecife, nur wenige Minuten vom Playa del Reducto entfernt<\/a>\n<\/h2><!-- item-title -->\t\t\t\t<address class=\"item-address mb-2\"><i class=\"houzez-icon icon-pin me-1\" aria-hidden=\"true\"><\/i><span>Arrecife, Las Palmas, Canarias, Espa\u00f1a<\/span><\/address>\t\t\t\t\t\t\t\t<ul class=\"item-amenities d-flex flex-wrap align-items-center gap-2 mb-2 item-amenities-with-icons\" role=\"list\">\n\t<li class=\"h-beds d-flex align-items-center me-1\"><i class=\"houzez-icon icon-hotel-double-bed-1 me-2\"><\/i><span class=\"item-amenities-text\">Beds:<\/span> <span class=\"hz-figure\">3<\/span><\/li><li class=\"h-baths d-flex align-items-center me-1\"><i class=\"houzez-icon icon-bathroom-shower-1 me-2\"><\/i><span class=\"item-amenities-text\">Baths:<\/span> <span class=\"hz-figure\">2<\/span><\/li><li class=\"h-area d-flex align-items-center me-1\"><i class=\"houzez-icon icon-ruler-triangle me-2\"><\/i><span class=\"hz-figure me-1\">85<\/span> <span class=\"hz-figure area_postfix\">m\u00b2<\/span><\/li><li class=\"h-type d-flex w-100\" role=\"listitem\"><span>Wohnung<\/span><\/li><\/ul>\t\t\t\t\t\t\t<\/div>\n\t\t\t\t\t<\/div>\n\t<\/div>\n<\/div><div class=\"item-listing-wrap item-wrap-v1 hz-item-gallery-js hz-map-trigger\" data-hz-id=\"25313\" data-images=\"[{&quot;image&quot;:&quot;https:\\\/\\\/kaza-hogar.com\\\/wp-content\\\/uploads\\\/2026\\\/06\\\/Foto-20-05-26-11-43-03-584x438.jpg&quot;,&quot;alt&quot;:&quot;Exklusive Neubauanlage mit Meerblick in Caleta de Fuste&quot;,&quot;width&quot;:584,&quot;height&quot;:438,&quot;srcset&quot;:false,&quot;sizes&quot;:&quot;(max-width: 584px) 100vw, 584px&quot;},{&quot;image&quot;:&quot;https:\\\/\\\/kaza-hogar.com\\\/wp-content\\\/uploads\\\/2026\\\/06\\\/Foto-20-05-26-11-43-03-584x438.jpg&quot;,&quot;alt&quot;:&quot;Exklusive Neubauanlage mit Meerblick in Caleta de Fuste&quot;,&quot;width&quot;:584,&quot;height&quot;:438,&quot;srcset&quot;:false,&quot;sizes&quot;:&quot;(max-width: 584px) 100vw, 584px&quot;},{&quot;image&quot;:&quot;https:\\\/\\\/kaza-hogar.com\\\/wp-content\\\/uploads\\\/2026\\\/06\\\/Foto-20-05-26-11-43-35-584x438.jpg&quot;,&quot;alt&quot;:&quot;Exklusive Neubauanlage mit Meerblick in Caleta de Fuste&quot;,&quot;width&quot;:584,&quot;height&quot;:438,&quot;srcset&quot;:false,&quot;sizes&quot;:&quot;(max-width: 584px) 100vw, 584px&quot;},{&quot;image&quot;:&quot;https:\\\/\\\/kaza-hogar.com\\\/wp-content\\\/uploads\\\/2026\\\/06\\\/Foto-20-05-26-11-43-54-584x438.jpg&quot;,&quot;alt&quot;:&quot;Exklusive Neubauanlage mit Meerblick in Caleta de Fuste&quot;,&quot;width&quot;:584,&quot;height&quot;:438,&quot;srcset&quot;:&quot;https:\\\/\\\/kaza-hogar.com\\\/wp-content\\\/uploads\\\/2026\\\/06\\\/Foto-20-05-26-11-43-54-584x438.jpg 584w, https:\\\/\\\/kaza-hogar.com\\\/wp-content\\\/uploads\\\/2026\\\/06\\\/Foto-20-05-26-11-43-54.jpg 1280w&quot;,&quot;sizes&quot;:&quot;(max-width: 584px) 100vw, 584px&quot;},{&quot;image&quot;:&quot;https:\\\/\\\/kaza-hogar.com\\\/wp-content\\\/uploads\\\/2026\\\/06\\\/Foto-20-05-26-11-44-07-584x438.jpg&quot;,&quot;alt&quot;:&quot;Exklusive Neubauanlage mit Meerblick in Caleta de Fuste&quot;,&quot;width&quot;:584,&quot;height&quot;:438,&quot;srcset&quot;:false,&quot;sizes&quot;:&quot;(max-width: 584px) 100vw, 584px&quot;},{&quot;image&quot;:&quot;https:\\\/\\\/kaza-hogar.com\\\/wp-content\\\/uploads\\\/2026\\\/06\\\/Foto-20-05-26-11-44-20-584x438.jpg&quot;,&quot;alt&quot;:&quot;Exklusive Neubauanlage mit Meerblick in Caleta de Fuste&quot;,&quot;width&quot;:584,&quot;height&quot;:438,&quot;srcset&quot;:&quot;https:\\\/\\\/kaza-hogar.com\\\/wp-content\\\/uploads\\\/2026\\\/06\\\/Foto-20-05-26-11-44-20-584x438.jpg 584w, https:\\\/\\\/kaza-hogar.com\\\/wp-content\\\/uploads\\\/2026\\\/06\\\/Foto-20-05-26-11-44-20.jpg 1280w&quot;,&quot;sizes&quot;:&quot;(max-width: 584px) 100vw, 584px&quot;},{&quot;image&quot;:&quot;https:\\\/\\\/kaza-hogar.com\\\/wp-content\\\/uploads\\\/2026\\\/06\\\/Foto-20-05-26-11-44-35-584x438.jpg&quot;,&quot;alt&quot;:&quot;Exklusive Neubauanlage mit Meerblick in Caleta de Fuste&quot;,&quot;width&quot;:584,&quot;height&quot;:438,&quot;srcset&quot;:false,&quot;sizes&quot;:&quot;(max-width: 584px) 100vw, 584px&quot;},{&quot;image&quot;:&quot;https:\\\/\\\/kaza-hogar.com\\\/wp-content\\\/uploads\\\/2026\\\/06\\\/Foto-20-05-26-11-45-13-584x438.jpg&quot;,&quot;alt&quot;:&quot;Exklusive Neubauanlage mit Meerblick in Caleta de Fuste&quot;,&quot;width&quot;:584,&quot;height&quot;:438,&quot;srcset&quot;:false,&quot;sizes&quot;:&quot;(max-width: 584px) 100vw, 584px&quot;},{&quot;image&quot;:&quot;https:\\\/\\\/kaza-hogar.com\\\/wp-content\\\/uploads\\\/2026\\\/06\\\/Foto-20-05-26-11-45-21-584x438.jpg&quot;,&quot;alt&quot;:&quot;Exklusive Neubauanlage mit Meerblick in Caleta de Fuste&quot;,&quot;width&quot;:584,&quot;height&quot;:438,&quot;srcset&quot;:false,&quot;sizes&quot;:&quot;(max-width: 584px) 100vw, 584px&quot;},{&quot;image&quot;:&quot;https:\\\/\\\/kaza-hogar.com\\\/wp-content\\\/uploads\\\/2026\\\/06\\\/Foto-20-05-26-11-45-38-584x438.jpg&quot;,&quot;alt&quot;:&quot;Exklusive Neubauanlage mit Meerblick in Caleta de Fuste&quot;,&quot;width&quot;:584,&quot;height&quot;:438,&quot;srcset&quot;:false,&quot;sizes&quot;:&quot;(max-width: 584px) 100vw, 584px&quot;}]\">\n\t<div class=\"item-wrap item-wrap-no-frame h-100\">\n\t\t<div class=\"d-flex flex-column align-items-center h-100\">\n\t\t\t<div class=\"item-header\">\n\t\t\t\t<span class=\"label-featured label me-1\" role=\"status\">Empfohlen<\/span>\t\t\t\t<div class=\"labels-wrap d-flex align-items-center gap-1\" role=\"group\"> \n\n\t<a href=\"https:\/\/kaza-hogar.com\/de\/status\/zu-verkaufen\/\" class=\"label-status label status-color-151\">\n\t\t\t\t\tZu verkaufen\n\t\t\t\t<\/a>       \n\n<\/div>\n\t\t\t\t<ul class=\"item-price-wrap d-flex flex-column gap-2\" role=\"list\">\n\t<li class=\"item-price\"><span class=\"price\">\u20ac275,000<\/span><span class=\"price-postfix\"><\/span><\/li><\/ul>\t\t\t\t<ul class=\"item-tools d-flex align-items-center justify-content-center gap-1\">\n        <li class=\"item-tool item-preview\">\n        <span class=\"hz-show-lightbox-js item-tool-preview text-center\" data-listid=\"25313\">\n            <span data-bs-toggle=\"tooltip\" data-bs-placement=\"top\" title=\"Preview\">\n                <i class=\"houzez-icon icon-expand-3\"><\/i>   \n            <\/span>\n        <\/span><!-- item-tool-favorite -->\n    <\/li><!-- item-tool -->\n        \n        <li class=\"item-tool item-favorite\">\n        <span class=\"add-favorite-js item-tool-favorite text-center\" data-bs-toggle=\"tooltip\" data-bs-placement=\"top\" title=\"Favourite\" data-listid=\"25313\">\n            <i class=\"houzez-icon icon-love-it \"><\/i>\n        <\/span><!-- item-tool-favorite -->\n    <\/li><!-- item-tool -->\n    \n        <li class=\"item-tool item-compare\">\n        <span class=\"houzez_compare compare-25313 item-tool-compare text-center\" data-bs-toggle=\"tooltip\" data-bs-placement=\"top\" title=\"Add to Compare\" data-listing_id=\"25313\" data-listing_image=\"https:\/\/kaza-hogar.com\/wp-content\/uploads\/2026\/06\/Foto-20-05-26-11-43-03-584x438.jpg\">\n            <i class=\"houzez-icon icon-add-circle\"><\/i>\n            <!-- <i class=\"houzez-icon icon-subtract-circle\"><\/i> -->\n        <\/span><!-- item-tool-compare -->\n    <\/li><!-- item-tool -->\n    <\/ul><!-- item-tools -->\n\t\t\t\t<div class=\"listing-image-wrap\">\n\t<div class=\"listing-thumb\">\n\t\t<a target=\"_self\" href=\"https:\/\/kaza-hogar.com\/de\/property\/exklusive-neubauanlage-mit-meerblick-in-caleta-de-fuste-2\/\" class=\"listing-featured-thumb hover-effect image-wrap\" role=\"link\">\n\t\t\t<img loading=\"lazy\" decoding=\"async\" width=\"584\" height=\"438\" src=\"https:\/\/kaza-hogar.com\/wp-content\/uploads\/2026\/06\/Foto-20-05-26-11-43-03-584x438.jpg\" class=\"img-fluid wp-post-image\" alt=\"Exklusive Neubauanlage mit Meerblick in Caleta de Fuste\" \/>\t\t<\/a><!-- hover-effect -->\n\t<\/div>\n<\/div>\t\t\t\t<div class=\"preview_loader\"><\/div>\n\t\t\t<\/div>\n\t\t\t<div class=\"item-body w-100 flex-grow-1\">\n\t\t\t\t<h2 class=\"item-title mb-2 \">\n\t<a target=\"_self\" href=\"https:\/\/kaza-hogar.com\/de\/property\/exklusive-neubauanlage-mit-meerblick-in-caleta-de-fuste-2\/\" role=\"link\">Exklusive Neubauanlage mit Meerblick in Caleta de Fuste<\/a>\n<\/h2><!-- item-title -->\t\t\t\t<address class=\"item-address mb-2\"><i class=\"houzez-icon icon-pin me-1\" aria-hidden=\"true\"><\/i><span>El Castillo, Costa de Antigua, Caleta de Fuste, Antigua, Las Palmas, Canarias, 35610, Espa\u00f1a<\/span><\/address>\t\t\t\t\t\t\t\t<ul class=\"item-amenities d-flex flex-wrap align-items-center gap-2 mb-2 item-amenities-with-icons\" role=\"list\">\n\t<li class=\"h-beds d-flex align-items-center me-1\"><i class=\"houzez-icon icon-hotel-double-bed-1 me-2\"><\/i><span class=\"item-amenities-text\">Beds:<\/span> <span class=\"hz-figure\">2<\/span><\/li><li class=\"h-baths d-flex align-items-center me-1\"><i class=\"houzez-icon icon-bathroom-shower-1 me-2\"><\/i><span class=\"item-amenities-text\">Baths:<\/span> <span class=\"hz-figure\">2<\/span><\/li><li class=\"h-cars d-flex align-items-center me-1\"><i class=\"houzez-icon icon-car-1 me-2\"><\/i><span class=\"item-amenities-text\">Garage:<\/span> <span class=\"hz-figure\">1<\/span><\/li><li class=\"h-area d-flex align-items-center me-1\"><i class=\"houzez-icon icon-ruler-triangle me-2\"><\/i><span class=\"hz-figure me-1\">118<\/span> <span class=\"hz-figure area_postfix\">m\u00b2<\/span><\/li><li class=\"h-type d-flex w-100\" role=\"listitem\"><span>Wohnung<\/span><\/li><\/ul>\t\t\t\t\t\t\t<\/div>\n\t\t\t\t\t<\/div>\n\t<\/div>\n<\/div><div class=\"item-listing-wrap item-wrap-v1 hz-item-gallery-js hz-map-trigger\" data-hz-id=\"25173\" data-images=\"[{&quot;image&quot;:&quot;https:\\\/\\\/kaza-hogar.com\\\/wp-content\\\/uploads\\\/2026\\\/06\\\/Foto-20-05-26-11-37-27-584x438.jpg&quot;,&quot;alt&quot;:&quot;Exklusive Neubauanlage mit Meerblick in Caleta de Fuste&quot;,&quot;width&quot;:584,&quot;height&quot;:438,&quot;srcset&quot;:false,&quot;sizes&quot;:&quot;(max-width: 584px) 100vw, 584px&quot;},{&quot;image&quot;:&quot;https:\\\/\\\/kaza-hogar.com\\\/wp-content\\\/uploads\\\/2026\\\/06\\\/Foto-20-05-26-11-37-27-584x438.jpg&quot;,&quot;alt&quot;:&quot;Exklusive Neubauanlage mit Meerblick in Caleta de Fuste&quot;,&quot;width&quot;:584,&quot;height&quot;:438,&quot;srcset&quot;:false,&quot;sizes&quot;:&quot;(max-width: 584px) 100vw, 584px&quot;},{&quot;image&quot;:&quot;https:\\\/\\\/kaza-hogar.com\\\/wp-content\\\/uploads\\\/2026\\\/06\\\/Foto-20-05-26-11-33-59-584x438.jpg&quot;,&quot;alt&quot;:&quot;Exklusive Neubauanlage mit Meerblick in Caleta de Fuste&quot;,&quot;width&quot;:584,&quot;height&quot;:438,&quot;srcset&quot;:false,&quot;sizes&quot;:&quot;(max-width: 584px) 100vw, 584px&quot;},{&quot;image&quot;:&quot;https:\\\/\\\/kaza-hogar.com\\\/wp-content\\\/uploads\\\/2026\\\/06\\\/Foto-20-05-26-11-35-49-584x438.jpg&quot;,&quot;alt&quot;:&quot;Exklusive Neubauanlage mit Meerblick in Caleta de Fuste&quot;,&quot;width&quot;:584,&quot;height&quot;:438,&quot;srcset&quot;:&quot;https:\\\/\\\/kaza-hogar.com\\\/wp-content\\\/uploads\\\/2026\\\/06\\\/Foto-20-05-26-11-35-49-584x438.jpg 584w, https:\\\/\\\/kaza-hogar.com\\\/wp-content\\\/uploads\\\/2026\\\/06\\\/Foto-20-05-26-11-35-49.jpg 1024w&quot;,&quot;sizes&quot;:&quot;(max-width: 584px) 100vw, 584px&quot;},{&quot;image&quot;:&quot;https:\\\/\\\/kaza-hogar.com\\\/wp-content\\\/uploads\\\/2026\\\/06\\\/Foto-20-05-26-11-28-37-584x438.jpg&quot;,&quot;alt&quot;:&quot;Exklusive Neubauanlage mit Meerblick in Caleta de Fuste&quot;,&quot;width&quot;:584,&quot;height&quot;:438,&quot;srcset&quot;:&quot;https:\\\/\\\/kaza-hogar.com\\\/wp-content\\\/uploads\\\/2026\\\/06\\\/Foto-20-05-26-11-28-37-584x438.jpg 584w, https:\\\/\\\/kaza-hogar.com\\\/wp-content\\\/uploads\\\/2026\\\/06\\\/Foto-20-05-26-11-28-37.jpg 1280w&quot;,&quot;sizes&quot;:&quot;(max-width: 584px) 100vw, 584px&quot;},{&quot;image&quot;:&quot;https:\\\/\\\/kaza-hogar.com\\\/wp-content\\\/uploads\\\/2026\\\/06\\\/Foto-20-05-26-11-29-01-584x438.jpg&quot;,&quot;alt&quot;:&quot;Exklusive Neubauanlage mit Meerblick in Caleta de Fuste&quot;,&quot;width&quot;:584,&quot;height&quot;:438,&quot;srcset&quot;:false,&quot;sizes&quot;:&quot;(max-width: 584px) 100vw, 584px&quot;},{&quot;image&quot;:&quot;https:\\\/\\\/kaza-hogar.com\\\/wp-content\\\/uploads\\\/2026\\\/06\\\/Foto-20-05-26-11-29-12-584x438.jpg&quot;,&quot;alt&quot;:&quot;Exklusive Neubauanlage mit Meerblick in Caleta de Fuste&quot;,&quot;width&quot;:584,&quot;height&quot;:438,&quot;srcset&quot;:false,&quot;sizes&quot;:&quot;(max-width: 584px) 100vw, 584px&quot;},{&quot;image&quot;:&quot;https:\\\/\\\/kaza-hogar.com\\\/wp-content\\\/uploads\\\/2026\\\/06\\\/Foto-20-05-26-11-29-27-584x438.jpg&quot;,&quot;alt&quot;:&quot;Exklusive Neubauanlage mit Meerblick in Caleta de Fuste&quot;,&quot;width&quot;:584,&quot;height&quot;:438,&quot;srcset&quot;:false,&quot;sizes&quot;:&quot;(max-width: 584px) 100vw, 584px&quot;},{&quot;image&quot;:&quot;https:\\\/\\\/kaza-hogar.com\\\/wp-content\\\/uploads\\\/2026\\\/06\\\/Foto-20-05-26-11-29-35-584x438.jpg&quot;,&quot;alt&quot;:&quot;Exklusive Neubauanlage mit Meerblick in Caleta de Fuste&quot;,&quot;width&quot;:584,&quot;height&quot;:438,&quot;srcset&quot;:&quot;https:\\\/\\\/kaza-hogar.com\\\/wp-content\\\/uploads\\\/2026\\\/06\\\/Foto-20-05-26-11-29-35-584x438.jpg 584w, https:\\\/\\\/kaza-hogar.com\\\/wp-content\\\/uploads\\\/2026\\\/06\\\/Foto-20-05-26-11-29-35.jpg 1280w&quot;,&quot;sizes&quot;:&quot;(max-width: 584px) 100vw, 584px&quot;},{&quot;image&quot;:&quot;https:\\\/\\\/kaza-hogar.com\\\/wp-content\\\/uploads\\\/2026\\\/06\\\/Foto-20-05-26-11-29-49-584x438.jpg&quot;,&quot;alt&quot;:&quot;Exklusive Neubauanlage mit Meerblick in Caleta de Fuste&quot;,&quot;width&quot;:584,&quot;height&quot;:438,&quot;srcset&quot;:&quot;https:\\\/\\\/kaza-hogar.com\\\/wp-content\\\/uploads\\\/2026\\\/06\\\/Foto-20-05-26-11-29-49-584x438.jpg 584w, https:\\\/\\\/kaza-hogar.com\\\/wp-content\\\/uploads\\\/2026\\\/06\\\/Foto-20-05-26-11-29-49.jpg 1280w&quot;,&quot;sizes&quot;:&quot;(max-width: 584px) 100vw, 584px&quot;}]\">\n\t<div class=\"item-wrap item-wrap-no-frame h-100\">\n\t\t<div class=\"d-flex flex-column align-items-center h-100\">\n\t\t\t<div class=\"item-header\">\n\t\t\t\t<span class=\"label-featured label me-1\" role=\"status\">Empfohlen<\/span>\t\t\t\t<div class=\"labels-wrap d-flex align-items-center gap-1\" role=\"group\"> \n\n\t<a href=\"https:\/\/kaza-hogar.com\/de\/status\/zu-verkaufen\/\" class=\"label-status label status-color-151\">\n\t\t\t\t\tZu verkaufen\n\t\t\t\t<\/a>       \n\n<\/div>\n\t\t\t\t<ul class=\"item-price-wrap d-flex flex-column gap-2\" role=\"list\">\n\t<li class=\"item-price\"><span class=\"price\">\u20ac290,000<\/span><span class=\"price-postfix\"><\/span><\/li><\/ul>\t\t\t\t<ul class=\"item-tools d-flex align-items-center justify-content-center gap-1\">\n        <li class=\"item-tool item-preview\">\n        <span class=\"hz-show-lightbox-js item-tool-preview text-center\" data-listid=\"25173\">\n            <span data-bs-toggle=\"tooltip\" data-bs-placement=\"top\" title=\"Preview\">\n                <i class=\"houzez-icon icon-expand-3\"><\/i>   \n            <\/span>\n        <\/span><!-- item-tool-favorite -->\n    <\/li><!-- item-tool -->\n        \n        <li class=\"item-tool item-favorite\">\n        <span class=\"add-favorite-js item-tool-favorite text-center\" data-bs-toggle=\"tooltip\" data-bs-placement=\"top\" title=\"Favourite\" data-listid=\"25173\">\n            <i class=\"houzez-icon icon-love-it \"><\/i>\n        <\/span><!-- item-tool-favorite -->\n    <\/li><!-- item-tool -->\n    \n        <li class=\"item-tool item-compare\">\n        <span class=\"houzez_compare compare-25173 item-tool-compare text-center\" data-bs-toggle=\"tooltip\" data-bs-placement=\"top\" title=\"Add to Compare\" data-listing_id=\"25173\" data-listing_image=\"https:\/\/kaza-hogar.com\/wp-content\/uploads\/2026\/06\/Foto-20-05-26-11-37-27-584x438.jpg\">\n            <i class=\"houzez-icon icon-add-circle\"><\/i>\n            <!-- <i class=\"houzez-icon icon-subtract-circle\"><\/i> -->\n        <\/span><!-- item-tool-compare -->\n    <\/li><!-- item-tool -->\n    <\/ul><!-- item-tools -->\n\t\t\t\t<div class=\"listing-image-wrap\">\n\t<div class=\"listing-thumb\">\n\t\t<a target=\"_self\" href=\"https:\/\/kaza-hogar.com\/de\/property\/exklusive-neubauanlage-mit-meerblick-in-caleta-de-fuste\/\" class=\"listing-featured-thumb hover-effect image-wrap\" role=\"link\">\n\t\t\t<img loading=\"lazy\" decoding=\"async\" width=\"584\" height=\"438\" src=\"https:\/\/kaza-hogar.com\/wp-content\/uploads\/2026\/06\/Foto-20-05-26-11-37-27-584x438.jpg\" class=\"img-fluid wp-post-image\" alt=\"Exklusive Neubauanlage mit Meerblick in Caleta de Fuste\" \/>\t\t<\/a><!-- hover-effect -->\n\t<\/div>\n<\/div>\t\t\t\t<div class=\"preview_loader\"><\/div>\n\t\t\t<\/div>\n\t\t\t<div class=\"item-body w-100 flex-grow-1\">\n\t\t\t\t<h2 class=\"item-title mb-2 \">\n\t<a target=\"_self\" href=\"https:\/\/kaza-hogar.com\/de\/property\/exklusive-neubauanlage-mit-meerblick-in-caleta-de-fuste\/\" role=\"link\">Exklusive Neubauanlage mit Meerblick in Caleta de Fuste<\/a>\n<\/h2><!-- item-title -->\t\t\t\t<address class=\"item-address mb-2\"><i class=\"houzez-icon icon-pin me-1\" aria-hidden=\"true\"><\/i><span>El Castillo, Costa de Antigua, Caleta de Fuste, Antigua, Las Palmas, Canarias, 35610, Espa\u00f1a<\/span><\/address>\t\t\t\t\t\t\t\t<ul class=\"item-amenities d-flex flex-wrap align-items-center gap-2 mb-2 item-amenities-with-icons\" role=\"list\">\n\t<li class=\"h-beds d-flex align-items-center me-1\"><i class=\"houzez-icon icon-hotel-double-bed-1 me-2\"><\/i><span class=\"item-amenities-text\">Beds:<\/span> <span class=\"hz-figure\">3<\/span><\/li><li class=\"h-baths d-flex align-items-center me-1\"><i class=\"houzez-icon icon-bathroom-shower-1 me-2\"><\/i><span class=\"item-amenities-text\">Baths:<\/span> <span class=\"hz-figure\">2<\/span><\/li><li class=\"h-cars d-flex align-items-center me-1\"><i class=\"houzez-icon icon-car-1 me-2\"><\/i><span class=\"item-amenities-text\">Garage:<\/span> <span class=\"hz-figure\">1<\/span><\/li><li class=\"h-area d-flex align-items-center me-1\"><i class=\"houzez-icon icon-ruler-triangle me-2\"><\/i><span class=\"hz-figure me-1\">134<\/span> <span class=\"hz-figure area_postfix\">m\u00b2<\/span><\/li><li class=\"h-type d-flex w-100\" role=\"listitem\"><span>Wohnung<\/span><\/li><\/ul>\t\t\t\t\t\t\t<\/div>\n\t\t\t\t\t<\/div>\n\t<\/div>\n<\/div>        <\/div><!-- listing-view -->\n\n        <div class=\"pagination-wrap\" role=\"navigation\"><nav><ul class=\"pagination justify-content-center\" role=\"list\"><li class=\"page-item disabled\" role=\"listitem\"><a class=\"page-link\" aria-disabled=\"true\"><i class=\"houzez-icon icon-arrow-left-1\"><\/i><\/a><\/li><li class=\"page-item active\" role=\"listitem\"><a class=\"page-link\" href=\"https:\/\/kaza-hogar.com\/de\/wp-json\/wp\/v2\/pages\/19178\/\">1 <span class=\"sr-only\"><\/span><\/a><\/li><li class=\"page-item\" role=\"listitem\"><a class=\"page-link\" href=\"https:\/\/kaza-hogar.com\/de\/wp-json\/wp\/v2\/pages\/19178\/page\/2\/\">2<\/a><\/li><li class=\"page-item\" role=\"listitem\"><a class=\"page-link\" href=\"https:\/\/kaza-hogar.com\/de\/wp-json\/wp\/v2\/pages\/19178\/page\/3\/\">3<\/a><\/li><li class=\"page-item\" role=\"listitem\"><a class=\"page-link\" href=\"https:\/\/kaza-hogar.com\/de\/wp-json\/wp\/v2\/pages\/19178\/page\/2\/\"><i class=\"houzez-icon icon-arrow-right-1\"><\/i><\/a><\/li><li class=\"page-item\" role=\"listitem\"><a class=\"page-link\" href=\"https:\/\/kaza-hogar.com\/de\/wp-json\/wp\/v2\/pages\/19178\/page\/7\/\"><i class=\"houzez-icon icon-arrow-button-right-1\"><\/i><\/a><\/li><\/ul><\/nav><\/div>    <\/div><!-- property-grid-module -->\n    \t\t\t\t<\/div>\n\t\t\t\t<\/div>\n\t\t\t\t<div class=\"elementor-element elementor-element-6a41932 elementor-widget elementor-widget-spacer\" data-id=\"6a41932\" data-element_type=\"widget\" data-e-type=\"widget\" data-widget_type=\"spacer.default\">\n\t\t\t\t\t\t\t<div class=\"elementor-spacer\">\n\t\t\t<div class=\"elementor-spacer-inner\"><\/div>\n\t\t<\/div>\n\t\t\t\t\t\t<\/div>\n\t\t\t\t\t<\/div>\n\t\t<\/div>\n\t\t\t\t<div class=\"elementor-column elementor-col-33 elementor-top-column elementor-element elementor-element-05bf3c6\" data-id=\"05bf3c6\" data-element_type=\"column\" data-e-type=\"column\">\n\t\t\t<div class=\"elementor-widget-wrap elementor-element-populated\">\n\t\t\t\t\t\t<div class=\"elementor-element elementor-element-716f718 elementor-widget elementor-widget-sidebar\" data-id=\"716f718\" data-element_type=\"widget\" data-e-type=\"widget\" data-widget_type=\"sidebar.default\">\n\t\t\t\t\t<div id=\"houzez_property_taxonomies-1\" class=\"widget widget-wrap mb-4 p-4 widget-taxonomy widget-list-more\"><div class=\"widget-header\"><h3 class=\"widget-title mb-4\">Art der Immobilie<\/h3><\/div><div class=\"widget-body\"><ul class=\"list-unstyled mb-0\" role=\"tree\"><li class=\"widget-taxonomy-item\"><div class=\"widget-taxonomy-item-content\"><a href=\"https:\/\/kaza-hogar.com\/de\/property-type\/grundstuck\/\" role=\"listitem\">\n                <i class=\"houzez-icon icon-arrow-right-1\" aria-hidden=\"true\"><\/i> Grundst\u00fcck<\/a><\/div><\/li><li class=\"widget-taxonomy-item\"><div class=\"widget-taxonomy-item-content\"><a href=\"https:\/\/kaza-hogar.com\/de\/property-type\/gewerbe\/\" role=\"listitem\">\n                <i class=\"houzez-icon icon-arrow-right-1\" aria-hidden=\"true\"><\/i> Gewerbe<\/a><\/div><\/li><li class=\"widget-taxonomy-item has-children\"><div class=\"widget-taxonomy-item-content\"><a href=\"https:\/\/kaza-hogar.com\/de\/property-type\/wohnanlage\/\" role=\"listitem\">\n                <i class=\"houzez-icon icon-arrow-right-1\" aria-hidden=\"true\"><\/i> Wohnanlage<\/a><\/div><ul class=\"children\"><li class=\"widget-taxonomy-item\"><div class=\"widget-taxonomy-item-content\"><a href=\"https:\/\/kaza-hogar.com\/de\/property-type\/duplex\/\" role=\"listitem\">\n                            <i class=\"houzez-icon icon-arrow-right-1\" aria-hidden=\"true\"><\/i> Duplex<\/a><\/div><\/li><li class=\"widget-taxonomy-item\"><div class=\"widget-taxonomy-item-content\"><a href=\"https:\/\/kaza-hogar.com\/de\/property-type\/villa\/\" role=\"listitem\">\n                            <i class=\"houzez-icon icon-arrow-right-1\" aria-hidden=\"true\"><\/i> Villa<\/a><\/div><\/li><li class=\"widget-taxonomy-item\"><div class=\"widget-taxonomy-item-content\"><a href=\"https:\/\/kaza-hogar.com\/de\/property-type\/wohnung\/\" role=\"listitem\">\n                            <i class=\"houzez-icon icon-arrow-right-1\" aria-hidden=\"true\"><\/i> Wohnung<\/a><\/div><\/li><\/ul><\/li><\/ul><\/div><\/div><div id=\"houzez_property_taxonomies-6\" class=\"widget widget-wrap mb-4 p-4 widget-taxonomy widget-list-more\"><div class=\"widget-header\"><h3 class=\"widget-title mb-4\">Inseln<\/h3><\/div><div class=\"widget-body\"><ul class=\"list-unstyled mb-0\" role=\"tree\"><li class=\"widget-taxonomy-item\"><div class=\"widget-taxonomy-item-content\"><a href=\"https:\/\/kaza-hogar.com\/de\/state\/fuerteventura\/\" role=\"listitem\">\n                <i class=\"houzez-icon icon-arrow-right-1\" aria-hidden=\"true\"><\/i> Fuerteventura<\/a><\/div><\/li><li class=\"widget-taxonomy-item\"><div class=\"widget-taxonomy-item-content\"><a href=\"https:\/\/kaza-hogar.com\/de\/state\/teneriffa\/\" role=\"listitem\">\n                <i class=\"houzez-icon icon-arrow-right-1\" aria-hidden=\"true\"><\/i> Teneriffa<\/a><\/div><\/li><li class=\"widget-taxonomy-item\"><div class=\"widget-taxonomy-item-content\"><a href=\"https:\/\/kaza-hogar.com\/de\/state\/lanzarote\/\" role=\"listitem\">\n                <i class=\"houzez-icon icon-arrow-right-1\" aria-hidden=\"true\"><\/i> Lanzarote<\/a><\/div><\/li><\/ul><\/div><\/div><div id=\"houzez_property_taxonomies-2\" class=\"widget widget-wrap mb-4 p-4 widget-taxonomy widget-list-more\"><div class=\"widget-header\"><h3 class=\"widget-title mb-4\">St\u00e4dte<\/h3><\/div><div class=\"widget-body\"><ul class=\"list-unstyled mb-0\" role=\"tree\"><li class=\"widget-taxonomy-item\"><div class=\"widget-taxonomy-item-content\"><a href=\"https:\/\/kaza-hogar.com\/de\/city\/corralejo\/\" role=\"listitem\">\n                <i class=\"houzez-icon icon-arrow-right-1\" aria-hidden=\"true\"><\/i> Corralejo<\/a><\/div><\/li><li class=\"widget-taxonomy-item\"><div class=\"widget-taxonomy-item-content\"><a href=\"https:\/\/kaza-hogar.com\/de\/city\/lajares\/\" role=\"listitem\">\n                <i class=\"houzez-icon icon-arrow-right-1\" aria-hidden=\"true\"><\/i> Lajares<\/a><\/div><\/li><li class=\"widget-taxonomy-item\"><div class=\"widget-taxonomy-item-content\"><a href=\"https:\/\/kaza-hogar.com\/de\/city\/el-cotillo\/\" role=\"listitem\">\n                <i class=\"houzez-icon icon-arrow-right-1\" aria-hidden=\"true\"><\/i> El Cotillo<\/a><\/div><\/li><li class=\"widget-taxonomy-item\"><div class=\"widget-taxonomy-item-content\"><a href=\"https:\/\/kaza-hogar.com\/de\/city\/caleta-de-fuste\/\" role=\"listitem\">\n                <i class=\"houzez-icon icon-arrow-right-1\" aria-hidden=\"true\"><\/i> Caleta de Fuste<\/a><\/div><\/li><li class=\"widget-taxonomy-item\"><div class=\"widget-taxonomy-item-content\"><a href=\"https:\/\/kaza-hogar.com\/de\/city\/puerto-del-rosario\/\" role=\"listitem\">\n                <i class=\"houzez-icon icon-arrow-right-1\" aria-hidden=\"true\"><\/i> Puerto Del Rosario<\/a><\/div><\/li><li class=\"widget-taxonomy-item\"><div class=\"widget-taxonomy-item-content\"><a href=\"https:\/\/kaza-hogar.com\/de\/city\/villaverde\/\" role=\"listitem\">\n                <i class=\"houzez-icon icon-arrow-right-1\" aria-hidden=\"true\"><\/i> Villaverde<\/a><\/div><\/li><li class=\"widget-taxonomy-item\"><div class=\"widget-taxonomy-item-content\"><a href=\"https:\/\/kaza-hogar.com\/de\/city\/la-santa\/\" role=\"listitem\">\n                <i class=\"houzez-icon icon-arrow-right-1\" aria-hidden=\"true\"><\/i> La Santa<\/a><\/div><\/li><li class=\"widget-taxonomy-item\"><div class=\"widget-taxonomy-item-content\"><a href=\"https:\/\/kaza-hogar.com\/de\/city\/la-orotava\/\" role=\"listitem\">\n                <i class=\"houzez-icon icon-arrow-right-1\" aria-hidden=\"true\"><\/i> La Orotava<\/a><\/div><\/li><li class=\"widget-taxonomy-item\"><div class=\"widget-taxonomy-item-content\"><a href=\"https:\/\/kaza-hogar.com\/de\/city\/la-oliva\/\" role=\"listitem\">\n                <i class=\"houzez-icon icon-arrow-right-1\" aria-hidden=\"true\"><\/i> La Oliva<\/a><\/div><\/li><li class=\"widget-taxonomy-item\"><div class=\"widget-taxonomy-item-content\"><a href=\"https:\/\/kaza-hogar.com\/de\/city\/la-matanza-de-acentejo\/\" role=\"listitem\">\n                <i class=\"houzez-icon icon-arrow-right-1\" aria-hidden=\"true\"><\/i> La Matanza de Acentejo<\/a><\/div><\/li><li class=\"widget-taxonomy-item\"><div class=\"widget-taxonomy-item-content\"><a href=\"https:\/\/kaza-hogar.com\/de\/city\/parque-holandes\/\" role=\"listitem\">\n                <i class=\"houzez-icon icon-arrow-right-1\" aria-hidden=\"true\"><\/i> Parque Holandes<\/a><\/div><\/li><li class=\"widget-taxonomy-item\"><div class=\"widget-taxonomy-item-content\"><a href=\"https:\/\/kaza-hogar.com\/de\/city\/morro-jable\/\" role=\"listitem\">\n                <i class=\"houzez-icon icon-arrow-right-1\" aria-hidden=\"true\"><\/i> Morro Jable<\/a><\/div><\/li><li class=\"widget-taxonomy-item\"><div class=\"widget-taxonomy-item-content\"><a href=\"https:\/\/kaza-hogar.com\/de\/city\/tegueste\/\" role=\"listitem\">\n                <i class=\"houzez-icon icon-arrow-right-1\" aria-hidden=\"true\"><\/i> Tegueste<\/a><\/div><\/li><li class=\"widget-taxonomy-item\"><div class=\"widget-taxonomy-item-content\"><a href=\"https:\/\/kaza-hogar.com\/de\/city\/los-abrigos\/\" role=\"listitem\">\n                <i class=\"houzez-icon icon-arrow-right-1\" aria-hidden=\"true\"><\/i> Los Abrigos<\/a><\/div><\/li><li class=\"widget-taxonomy-item\"><div class=\"widget-taxonomy-item-content\"><a href=\"https:\/\/kaza-hogar.com\/de\/city\/adeje\/\" role=\"listitem\">\n                <i class=\"houzez-icon icon-arrow-right-1\" aria-hidden=\"true\"><\/i> Adeje<\/a><\/div><\/li><\/ul><\/div><\/div>\t\t\t\t<\/div>\n\t\t\t\t\t<\/div>\n\t\t<\/div>\n\t\t\t\t\t<\/div>\n\t\t<\/section>\n\t\t\t\t<section class=\"elementor-section elementor-top-section elementor-element elementor-element-09c69d9 elementor-section-height-min-height animated-slow elementor-section-boxed elementor-section-height-default elementor-section-items-middle elementor-invisible\" data-id=\"09c69d9\" data-element_type=\"section\" data-e-type=\"section\" data-settings=\"{&quot;background_background&quot;:&quot;classic&quot;,&quot;animation&quot;:&quot;fadeIn&quot;,&quot;shape_divider_top&quot;:&quot;opacity-tilt&quot;}\">\n\t\t\t\t\t\t\t<div class=\"elementor-background-overlay\"><\/div>\n\t\t\t\t\t\t<div class=\"elementor-shape elementor-shape-top\" aria-hidden=\"true\" data-negative=\"false\">\n\t\t\t<svg xmlns=\"http:\/\/www.w3.org\/2000\/svg\" viewBox=\"0 0 2600 131.1\" preserveAspectRatio=\"none\">\n\t<path class=\"elementor-shape-fill\" d=\"M0 0L2600 0 2600 69.1 0 0z\"\/>\n\t<path class=\"elementor-shape-fill\" style=\"opacity:0.5\" d=\"M0 0L2600 0 2600 69.1 0 69.1z\"\/>\n\t<path class=\"elementor-shape-fill\" style=\"opacity:0.25\" d=\"M2600 0L0 0 0 130.1 2600 69.1z\"\/>\n<\/svg>\t\t<\/div>\n\t\t\t\t\t<div class=\"elementor-container elementor-column-gap-default\">\n\t\t\t\t\t<div class=\"elementor-column elementor-col-100 elementor-top-column elementor-element elementor-element-6275890 elementor-invisible\" data-id=\"6275890\" data-element_type=\"column\" data-e-type=\"column\" data-settings=\"{&quot;animation&quot;:&quot;fadeInLeft&quot;}\">\n\t\t\t<div class=\"elementor-widget-wrap elementor-element-populated\">\n\t\t\t\t\t\t<div class=\"elementor-element elementor-element-ae6d938 elementor-widget elementor-widget-heading\" data-id=\"ae6d938\" data-element_type=\"widget\" data-e-type=\"widget\" data-widget_type=\"heading.default\">\n\t\t\t\t\t<h2 class=\"elementor-heading-title elementor-size-default\">Wohnen Sie, wo Natur auf Paradies trifft<\/h2>\t\t\t\t<\/div>\n\t\t\t\t<div class=\"elementor-element elementor-element-ea263e4 elementor-align-center elementor-widget elementor-widget-button\" data-id=\"ea263e4\" data-element_type=\"widget\" data-e-type=\"widget\" data-widget_type=\"button.default\">\n\t\t\t\t\t\t\t\t\t\t<a class=\"elementor-button elementor-button-link elementor-size-sm\" href=\"https:\/\/kaza-hogar.com\/de\/kontakt\/\">\n\t\t\t\t\t\t<span class=\"elementor-button-content-wrapper\">\n\t\t\t\t\t\t\t\t\t<span class=\"elementor-button-text\">Kontakt<\/span>\n\t\t\t\t\t<\/span>\n\t\t\t\t\t<\/a>\n\t\t\t\t\t\t\t\t<\/div>\n\t\t\t\t\t<\/div>\n\t\t<\/div>\n\t\t\t\t\t<\/div>\n\t\t<\/section>\n\t\t\t\t<\/div>\n\t\t","protected":false},"excerpt":{"rendered":"<p>Home Warning: Attempt to read property &#8220;labels&#8221; on null in \/is\/htdocs\/wp11116099_UM0LNPJ7W0\/www\/wp-content\/themes\/houzez\/framework\/functions\/helper_functions.php on line 7489 Warning: Attempt to read property &#8220;name&#8221; on null in \/is\/htdocs\/wp11116099_UM0LNPJ7W0\/www\/wp-content\/themes\/houzez\/framework\/functions\/helper_functions.php on line 7489 Warning: Attempt to read property &#8220;ID&#8221; on null in \/is\/htdocs\/wp11116099_UM0LNPJ7W0\/www\/wp-content\/themes\/houzez\/template-parts\/page\/page-title.php on line 3 Warning: Attempt to read property &#8220;ID&#8221; on null in \/is\/htdocs\/wp11116099_UM0LNPJ7W0\/www\/wp-content\/plugins\/houzez-theme-functionality\/elementor\/widgets\/listings-tabs.php on line 346 All For [&hellip;]<\/p>\n","protected":false},"author":1,"featured_media":0,"parent":0,"menu_order":0,"comment_status":"closed","ping_status":"closed","template":"elementor_header_footer","meta":{"_monsterinsights_skip_tracking":false,"footnotes":""},"class_list":["post-19178","page","type-page","status-publish","hentry"],"aioseo_notices":[],"aioseo_head":"\n\t\t<!-- All in One SEO 5.0.1.1 - aioseo.com -->\n\t<meta name=\"description\" content=\"Entdecken Sie diese attraktive Neubauanlage in einer der begehrtesten Lagen von Caleta de Fuste. Die Wohnanlage bietet einen beeindruckenden Meerblick und wurde f\u00fcr h\u00f6chsten Komfort, Qualit\u00e4t und Lebensstil konzipiert. Die Wohnungen verf\u00fcgen \u00fcber 2 ger\u00e4umige Schlafzimmer und 2 vollst\u00e4ndige Badezimmer sowie eine moderne und funktionale Raumaufteilung mit viel Tageslicht. Hochwertige Materialien und erstklassige Ausstattungen sorgen\" \/>\n\t<meta name=\"robots\" content=\"max-image-preview:large\" \/>\n\t<link rel=\"canonical\" href=\"https:\/\/kaza-hogar.com\/de\/property\/exklusive-neubauanlage-mit-meerblick-in-caleta-de-fuste\/\" \/>\n\t<meta name=\"generator\" content=\"All in One SEO (AIOSEO) 5.0.1.1\" \/>\n\t\t<meta property=\"og:locale\" content=\"de_DE\" \/>\n\t\t<meta property=\"og:site_name\" content=\"KaZa Hogar Inmobiliaria -\" \/>\n\t\t<meta property=\"og:type\" content=\"article\" \/>\n\t\t<meta property=\"og:title\" content=\"Exklusive Neubauanlage mit Meerblick in Caleta de Fuste - KaZa Hogar Inmobiliaria\" \/>\n\t\t<meta property=\"og:description\" content=\"Entdecken Sie diese attraktive Neubauanlage in einer der begehrtesten Lagen von Caleta de Fuste. Die Wohnanlage bietet einen beeindruckenden Meerblick und wurde f\u00fcr h\u00f6chsten Komfort, Qualit\u00e4t und Lebensstil konzipiert. Die Wohnungen verf\u00fcgen \u00fcber 2 ger\u00e4umige Schlafzimmer und 2 vollst\u00e4ndige Badezimmer sowie eine moderne und funktionale Raumaufteilung mit viel Tageslicht. Hochwertige Materialien und erstklassige Ausstattungen sorgen\" \/>\n\t\t<meta property=\"og:url\" content=\"https:\/\/kaza-hogar.com\/de\/property\/exklusive-neubauanlage-mit-meerblick-in-caleta-de-fuste\/\" \/>\n\t\t<meta property=\"article:published_time\" content=\"2026-06-05T11:21:27+00:00\" \/>\n\t\t<meta property=\"article:modified_time\" content=\"2026-06-05T11:21:27+00:00\" \/>\n\t\t<meta name=\"twitter:card\" content=\"summary_large_image\" \/>\n\t\t<meta name=\"twitter:title\" content=\"Exklusive Neubauanlage mit Meerblick in Caleta de Fuste - KaZa Hogar Inmobiliaria\" \/>\n\t\t<meta name=\"twitter:description\" content=\"Entdecken Sie diese attraktive Neubauanlage in einer der begehrtesten Lagen von Caleta de Fuste. Die Wohnanlage bietet einen beeindruckenden Meerblick und wurde f\u00fcr h\u00f6chsten Komfort, Qualit\u00e4t und Lebensstil konzipiert. Die Wohnungen verf\u00fcgen \u00fcber 2 ger\u00e4umige Schlafzimmer und 2 vollst\u00e4ndige Badezimmer sowie eine moderne und funktionale Raumaufteilung mit viel Tageslicht. Hochwertige Materialien und erstklassige Ausstattungen sorgen\" \/>\n\t\t<script type=\"application\/ld+json\" class=\"aioseo-schema\">\n\t\t\t{\"@context\":\"https:\\\/\\\/schema.org\",\"@graph\":[{\"@type\":\"BreadcrumbList\",\"@id\":\"https:\\\/\\\/kaza-hogar.com\\\/de\\\/property\\\/exklusive-neubauanlage-mit-meerblick-in-caleta-de-fuste\\\/#breadcrumblist\",\"itemListElement\":[{\"@type\":\"ListItem\",\"@id\":\"https:\\\/\\\/kaza-hogar.com\\\/de\\\/#listItem\",\"position\":1,\"name\":\"Home\",\"item\":\"https:\\\/\\\/kaza-hogar.com\\\/de\\\/\",\"nextItem\":{\"@type\":\"ListItem\",\"@id\":\"https:\\\/\\\/kaza-hogar.com\\\/de\\\/eigenschaften\\\/#listItem\",\"name\":\"Eigenschaften\"}},{\"@type\":\"ListItem\",\"@id\":\"https:\\\/\\\/kaza-hogar.com\\\/de\\\/eigenschaften\\\/#listItem\",\"position\":2,\"name\":\"Eigenschaften\",\"previousItem\":{\"@type\":\"ListItem\",\"@id\":\"https:\\\/\\\/kaza-hogar.com\\\/de\\\/#listItem\",\"name\":\"Home\"}}]},{\"@type\":\"Organization\",\"@id\":\"https:\\\/\\\/kaza-hogar.com\\\/de\\\/#organization\",\"name\":\"KaZa Hogar Inmobiliaria\",\"url\":\"https:\\\/\\\/kaza-hogar.com\\\/de\\\/\"},{\"@type\":\"Person\",\"@id\":\"https:\\\/\\\/kaza-hogar.com\\\/de\\\/author\\\/kh_manageradmin\\\/#author\",\"url\":\"https:\\\/\\\/kaza-hogar.com\\\/de\\\/author\\\/kh_manageradmin\\\/\",\"name\":\"KH_ManagerAdmin\",\"image\":{\"@type\":\"ImageObject\",\"@id\":\"https:\\\/\\\/kaza-hogar.com\\\/de\\\/property\\\/exklusive-neubauanlage-mit-meerblick-in-caleta-de-fuste\\\/#authorImage\",\"url\":\"https:\\\/\\\/secure.gravatar.com\\\/avatar\\\/e0823adf24c29bee9d86a4f391af232b802f05c604f6ef6161943697e506a88e?s=96&d=mm&r=g\",\"width\":96,\"height\":96,\"caption\":\"KH_ManagerAdmin\"}},{\"@type\":\"WebPage\",\"@id\":\"https:\\\/\\\/kaza-hogar.com\\\/de\\\/property\\\/exklusive-neubauanlage-mit-meerblick-in-caleta-de-fuste\\\/#webpage\",\"url\":\"https:\\\/\\\/kaza-hogar.com\\\/de\\\/property\\\/exklusive-neubauanlage-mit-meerblick-in-caleta-de-fuste\\\/\",\"name\":\"Exklusive Neubauanlage mit Meerblick in Caleta de Fuste - KaZa Hogar Inmobiliaria\",\"description\":\"Entdecken Sie diese attraktive Neubauanlage in einer der begehrtesten Lagen von Caleta de Fuste. Die Wohnanlage bietet einen beeindruckenden Meerblick und wurde f\\u00fcr h\\u00f6chsten Komfort, Qualit\\u00e4t und Lebensstil konzipiert. Die Wohnungen verf\\u00fcgen \\u00fcber 2 ger\\u00e4umige Schlafzimmer und 2 vollst\\u00e4ndige Badezimmer sowie eine moderne und funktionale Raumaufteilung mit viel Tageslicht. Hochwertige Materialien und erstklassige Ausstattungen sorgen\",\"inLanguage\":\"de-DE\",\"isPartOf\":{\"@id\":\"https:\\\/\\\/kaza-hogar.com\\\/de\\\/#website\"},\"breadcrumb\":{\"@id\":\"https:\\\/\\\/kaza-hogar.com\\\/de\\\/property\\\/exklusive-neubauanlage-mit-meerblick-in-caleta-de-fuste\\\/#breadcrumblist\"},\"author\":{\"@id\":\"https:\\\/\\\/kaza-hogar.com\\\/de\\\/author\\\/kh_manageradmin\\\/#author\"},\"creator\":{\"@id\":\"https:\\\/\\\/kaza-hogar.com\\\/de\\\/author\\\/kh_manageradmin\\\/#author\"},\"image\":{\"@type\":\"ImageObject\",\"url\":\"https:\\\/\\\/kaza-hogar.com\\\/wp-content\\\/uploads\\\/2026\\\/06\\\/Foto-20-05-26-11-37-27.jpg\",\"@id\":\"https:\\\/\\\/kaza-hogar.com\\\/de\\\/property\\\/exklusive-neubauanlage-mit-meerblick-in-caleta-de-fuste\\\/#mainImage\",\"width\":768,\"height\":1024},\"primaryImageOfPage\":{\"@id\":\"https:\\\/\\\/kaza-hogar.com\\\/de\\\/property\\\/exklusive-neubauanlage-mit-meerblick-in-caleta-de-fuste\\\/#mainImage\"},\"datePublished\":\"2026-06-05T11:21:27+00:00\",\"dateModified\":\"2026-06-05T11:21:27+00:00\"},{\"@type\":\"WebSite\",\"@id\":\"https:\\\/\\\/kaza-hogar.com\\\/de\\\/#website\",\"url\":\"https:\\\/\\\/kaza-hogar.com\\\/de\\\/\",\"name\":\"KaZa Hogar Inmobiliaria\",\"inLanguage\":\"de-DE\",\"publisher\":{\"@id\":\"https:\\\/\\\/kaza-hogar.com\\\/de\\\/#organization\"}}]}\n\t\t<\/script>\n\t\t<!-- All in One SEO -->\n\n","aioseo_head_json":{"title":"Exklusive Neubauanlage mit Meerblick in Caleta de Fuste - KaZa Hogar Inmobiliaria","description":"Entdecken Sie diese attraktive Neubauanlage in einer der begehrtesten Lagen von Caleta de Fuste. Die Wohnanlage bietet einen beeindruckenden Meerblick und wurde f\u00fcr h\u00f6chsten Komfort, Qualit\u00e4t und Lebensstil konzipiert. Die Wohnungen verf\u00fcgen \u00fcber 2 ger\u00e4umige Schlafzimmer und 2 vollst\u00e4ndige Badezimmer sowie eine moderne und funktionale Raumaufteilung mit viel Tageslicht. Hochwertige Materialien und erstklassige Ausstattungen sorgen","canonical_url":"https:\/\/kaza-hogar.com\/de\/property\/exklusive-neubauanlage-mit-meerblick-in-caleta-de-fuste\/","robots":"max-image-preview:large","keywords":"","webmasterTools":{"miscellaneous":""},"schema":{"@context":"https:\/\/schema.org","@graph":[{"@type":"BreadcrumbList","@id":"https:\/\/kaza-hogar.com\/de\/property\/exklusive-neubauanlage-mit-meerblick-in-caleta-de-fuste\/#breadcrumblist","itemListElement":[{"@type":"ListItem","@id":"https:\/\/kaza-hogar.com\/de\/#listItem","position":1,"name":"Home","item":"https:\/\/kaza-hogar.com\/de\/","nextItem":{"@type":"ListItem","@id":"https:\/\/kaza-hogar.com\/de\/eigenschaften\/#listItem","name":"Eigenschaften"}},{"@type":"ListItem","@id":"https:\/\/kaza-hogar.com\/de\/eigenschaften\/#listItem","position":2,"name":"Eigenschaften","previousItem":{"@type":"ListItem","@id":"https:\/\/kaza-hogar.com\/de\/#listItem","name":"Home"}}]},{"@type":"Organization","@id":"https:\/\/kaza-hogar.com\/de\/#organization","name":"KaZa Hogar Inmobiliaria","url":"https:\/\/kaza-hogar.com\/de\/"},{"@type":"Person","@id":"https:\/\/kaza-hogar.com\/de\/author\/kh_manageradmin\/#author","url":"https:\/\/kaza-hogar.com\/de\/author\/kh_manageradmin\/","name":"KH_ManagerAdmin","image":{"@type":"ImageObject","@id":"https:\/\/kaza-hogar.com\/de\/property\/exklusive-neubauanlage-mit-meerblick-in-caleta-de-fuste\/#authorImage","url":"https:\/\/secure.gravatar.com\/avatar\/e0823adf24c29bee9d86a4f391af232b802f05c604f6ef6161943697e506a88e?s=96&d=mm&r=g","width":96,"height":96,"caption":"KH_ManagerAdmin"}},{"@type":"WebPage","@id":"https:\/\/kaza-hogar.com\/de\/property\/exklusive-neubauanlage-mit-meerblick-in-caleta-de-fuste\/#webpage","url":"https:\/\/kaza-hogar.com\/de\/property\/exklusive-neubauanlage-mit-meerblick-in-caleta-de-fuste\/","name":"Exklusive Neubauanlage mit Meerblick in Caleta de Fuste - KaZa Hogar Inmobiliaria","description":"Entdecken Sie diese attraktive Neubauanlage in einer der begehrtesten Lagen von Caleta de Fuste. Die Wohnanlage bietet einen beeindruckenden Meerblick und wurde f\u00fcr h\u00f6chsten Komfort, Qualit\u00e4t und Lebensstil konzipiert. Die Wohnungen verf\u00fcgen \u00fcber 2 ger\u00e4umige Schlafzimmer und 2 vollst\u00e4ndige Badezimmer sowie eine moderne und funktionale Raumaufteilung mit viel Tageslicht. Hochwertige Materialien und erstklassige Ausstattungen sorgen","inLanguage":"de-DE","isPartOf":{"@id":"https:\/\/kaza-hogar.com\/de\/#website"},"breadcrumb":{"@id":"https:\/\/kaza-hogar.com\/de\/property\/exklusive-neubauanlage-mit-meerblick-in-caleta-de-fuste\/#breadcrumblist"},"author":{"@id":"https:\/\/kaza-hogar.com\/de\/author\/kh_manageradmin\/#author"},"creator":{"@id":"https:\/\/kaza-hogar.com\/de\/author\/kh_manageradmin\/#author"},"image":{"@type":"ImageObject","url":"https:\/\/kaza-hogar.com\/wp-content\/uploads\/2026\/06\/Foto-20-05-26-11-37-27.jpg","@id":"https:\/\/kaza-hogar.com\/de\/property\/exklusive-neubauanlage-mit-meerblick-in-caleta-de-fuste\/#mainImage","width":768,"height":1024},"primaryImageOfPage":{"@id":"https:\/\/kaza-hogar.com\/de\/property\/exklusive-neubauanlage-mit-meerblick-in-caleta-de-fuste\/#mainImage"},"datePublished":"2026-06-05T11:21:27+00:00","dateModified":"2026-06-05T11:21:27+00:00"},{"@type":"WebSite","@id":"https:\/\/kaza-hogar.com\/de\/#website","url":"https:\/\/kaza-hogar.com\/de\/","name":"KaZa Hogar Inmobiliaria","inLanguage":"de-DE","publisher":{"@id":"https:\/\/kaza-hogar.com\/de\/#organization"}}]},"og:locale":"de_DE","og:site_name":"KaZa Hogar Inmobiliaria -","og:type":"article","og:title":"Exklusive Neubauanlage mit Meerblick in Caleta de Fuste - KaZa Hogar Inmobiliaria","og:description":"Entdecken Sie diese attraktive Neubauanlage in einer der begehrtesten Lagen von Caleta de Fuste. Die Wohnanlage bietet einen beeindruckenden Meerblick und wurde f\u00fcr h\u00f6chsten Komfort, Qualit\u00e4t und Lebensstil konzipiert. Die Wohnungen verf\u00fcgen \u00fcber 2 ger\u00e4umige Schlafzimmer und 2 vollst\u00e4ndige Badezimmer sowie eine moderne und funktionale Raumaufteilung mit viel Tageslicht. Hochwertige Materialien und erstklassige Ausstattungen sorgen","og:url":"https:\/\/kaza-hogar.com\/de\/property\/exklusive-neubauanlage-mit-meerblick-in-caleta-de-fuste\/","article:published_time":"2026-06-05T11:21:27+00:00","article:modified_time":"2026-06-05T11:21:27+00:00","twitter:card":"summary_large_image","twitter:title":"Exklusive Neubauanlage mit Meerblick in Caleta de Fuste - KaZa Hogar Inmobiliaria","twitter:description":"Entdecken Sie diese attraktive Neubauanlage in einer der begehrtesten Lagen von Caleta de Fuste. Die Wohnanlage bietet einen beeindruckenden Meerblick und wurde f\u00fcr h\u00f6chsten Komfort, Qualit\u00e4t und Lebensstil konzipiert. Die Wohnungen verf\u00fcgen \u00fcber 2 ger\u00e4umige Schlafzimmer und 2 vollst\u00e4ndige Badezimmer sowie eine moderne und funktionale Raumaufteilung mit viel Tageslicht. Hochwertige Materialien und erstklassige Ausstattungen sorgen"},"aioseo_meta_data":{"post_id":"19178","title":null,"description":null,"keywords":null,"keyphrases":{"focus":{"keyphrase":"","score":0,"analysis":{"keyphraseInTitle":{"score":0,"maxScore":9,"error":1}}},"additional":[]},"primary_term":null,"canonical_url":null,"og_title":null,"og_description":null,"og_object_type":"default","og_image_type":"default","og_image_url":null,"og_image_width":null,"og_image_height":null,"og_image_custom_url":null,"og_image_custom_fields":null,"og_video":"","og_custom_url":null,"og_article_section":null,"og_article_tags":null,"twitter_use_og":false,"twitter_card":"default","twitter_image_type":"default","twitter_image_url":null,"twitter_image_custom_url":null,"twitter_image_custom_fields":null,"twitter_title":null,"twitter_description":null,"schema":{"blockGraphs":[],"customGraphs":[],"default":{"data":{"Article":[],"Course":[],"Dataset":[],"FAQPage":[],"Movie":[],"Person":[],"Product":[],"ProductReview":[],"Car":[],"Recipe":[],"Service":[],"SoftwareApplication":[],"WebPage":[]},"graphName":"WebPage","isEnabled":true},"graphs":[]},"schema_type":"default","schema_type_options":null,"pillar_content":false,"robots_default":true,"robots_noindex":false,"robots_noarchive":false,"robots_nosnippet":false,"robots_nofollow":false,"robots_noimageindex":false,"robots_noodp":false,"robots_notranslate":false,"robots_max_snippet":"-1","robots_max_videopreview":"-1","robots_max_imagepreview":"large","priority":null,"frequency":"default","local_seo":null,"breadcrumb_settings":null,"limit_modified_date":false,"ai":{"faqs":[],"keyPoints":[],"titles":[],"descriptions":[],"socialPosts":{"email":[],"linkedin":[],"twitter":[],"facebook":[],"instagram":[]}},"created":"2025-11-25 08:39:07","updated":"2025-11-25 08:54:00","seo_analyzer_scan_date":null,"focus_keyword":null,"additional_keywords":null,"truseo_locale":null},"aioseo_breadcrumb":"<div class=\"aioseo-breadcrumbs\"><span class=\"aioseo-breadcrumb\">\n\t\t\t<a href=\"https:\/\/kaza-hogar.com\/de\/\" title=\"Home\">Home<\/a>\n\t\t<\/span><span class=\"aioseo-breadcrumb-separator\">&raquo;<\/span><span class=\"aioseo-breadcrumb\">\n\t\t\tEigenschaften\n\t\t<\/span><\/div>","aioseo_breadcrumb_json":[{"label":"Home","link":"https:\/\/kaza-hogar.com\/de\/"},{"label":"Eigenschaften","link":"https:\/\/kaza-hogar.com\/de\/eigenschaften\/"}],"_links":{"self":[{"href":"https:\/\/kaza-hogar.com\/de\/wp-json\/wp\/v2\/pages\/19178","targetHints":{"allow":["GET"]}}],"collection":[{"href":"https:\/\/kaza-hogar.com\/de\/wp-json\/wp\/v2\/pages"}],"about":[{"href":"https:\/\/kaza-hogar.com\/de\/wp-json\/wp\/v2\/types\/page"}],"author":[{"embeddable":true,"href":"https:\/\/kaza-hogar.com\/de\/wp-json\/wp\/v2\/users\/1"}],"replies":[{"embeddable":true,"href":"https:\/\/kaza-hogar.com\/de\/wp-json\/wp\/v2\/comments?post=19178"}],"version-history":[{"count":1,"href":"https:\/\/kaza-hogar.com\/de\/wp-json\/wp\/v2\/pages\/19178\/revisions"}],"predecessor-version":[{"id":19179,"href":"https:\/\/kaza-hogar.com\/de\/wp-json\/wp\/v2\/pages\/19178\/revisions\/19179"}],"wp:attachment":[{"href":"https:\/\/kaza-hogar.com\/de\/wp-json\/wp\/v2\/media?parent=19178"}],"curies":[{"name":"wp","href":"https:\/\/api.w.org\/{rel}","templated":true}]}}